{"id":197,"date":"2024-09-16T14:04:05","date_gmt":"2024-09-16T14:04:05","guid":{"rendered":"https:\/\/famarecapital.com\/eng\/?page_id=197"},"modified":"2024-09-19T20:55:12","modified_gmt":"2024-09-19T20:55:12","slug":"about","status":"publish","type":"page","link":"https:\/\/famarecapital.com\/eng\/about\/","title":{"rendered":"About"},"content":{"rendered":"<p>[et_pb_section fb_built=&#8221;1&#8243; _builder_version=&#8221;4.27.0&#8243; _module_preset=&#8221;default&#8221; background_color=&#8221;#2c2c2c&#8221; background_image=&#8221;https:\/\/famarecapital.com\/eng\/wp-content\/uploads\/sobre_fama-scaled-1.jpg&#8221; background_enable_video_mp4=&#8221;off&#8221; background_video_width=&#8221;100%&#8221; custom_padding=&#8221;39px|||||&#8221; filter_brightness=&#8221;102%&#8221; filter_contrast=&#8221;104%&#8221; animation_style=&#8221;fade&#8221; background_last_edited=&#8221;on|phone&#8221; background_enable_color_phone=&#8221;off&#8221; background_image_phone=&#8221;https:\/\/famarecapital.com\/eng\/wp-content\/uploads\/sobre_fama_mobile.jpg&#8221; background_enable_image_phone=&#8221;on&#8221; custom_css_main_element=&#8221;min-height: 100vh;||&#8221; locked=&#8221;off&#8221; global_colors_info=&#8221;{}&#8221; custom_css_main_element_last_edited=&#8221;on|phone&#8221; custom_css_main_element_tablet=&#8221;min-height: 100vh;||&#8221; custom_css_main_element_phone=&#8221;min-height: 1050px;||&#8221;][et_pb_row _builder_version=&#8221;4.25.2&#8243; _module_preset=&#8221;default&#8221; width_tablet=&#8221;80%&#8221; width_phone=&#8221;80%&#8221; width_last_edited=&#8221;on|tablet&#8221; module_alignment=&#8221;center&#8221; custom_margin=&#8221;6%|auto||auto|false|false&#8221; custom_margin_tablet=&#8221;15%||||false|false&#8221; custom_margin_phone=&#8221;30%||||false|false&#8221; custom_margin_last_edited=&#8221;on|phone&#8221; custom_padding=&#8221;0px||0px||false|false&#8221; global_colors_info=&#8221;{}&#8221;][et_pb_column type=&#8221;4_4&#8243; _builder_version=&#8221;4.22.2&#8243; _module_preset=&#8221;default&#8221; global_colors_info=&#8221;{}&#8221;][et_pb_text _builder_version=&#8221;4.27.0&#8243; _module_preset=&#8221;default&#8221; header_2_font=&#8221;Eiko Light||||||||&#8221; header_2_text_color=&#8221;#FFFFFF&#8221; header_2_font_size=&#8221;42px&#8221; header_2_line_height=&#8221;45px&#8221; width=&#8221;75%&#8221; module_alignment=&#8221;center&#8221; header_2_font_size_tablet=&#8221;46px&#8221; header_2_font_size_phone=&#8221;32px&#8221; header_2_font_size_last_edited=&#8221;on|phone&#8221; header_2_line_height_tablet=&#8221;52px&#8221; header_2_line_height_phone=&#8221;40px&#8221; header_2_line_height_last_edited=&#8221;on|desktop&#8221; global_colors_info=&#8221;{}&#8221;]<\/p>\n<h2 style=\"text-align: center;\">Founded in 1993, fama re.capital is an independent asset manager committed to an inclusive, equitable and regenerative economy that generates value for all parties.<\/h2>\n<p>[\/et_pb_text][\/et_pb_column][\/et_pb_row][\/et_pb_section][et_pb_section fb_built=&#8221;1&#8243; custom_padding_last_edited=&#8221;on|tablet&#8221; module_id=&#8221;saiba_mais&#8221; _builder_version=&#8221;4.25.1&#8243; _module_preset=&#8221;default&#8221; background_color=&#8221;#FFFFFF&#8221; background_enable_image=&#8221;off&#8221; parallax=&#8221;on&#8221; custom_padding=&#8221;100px||100px||false|false&#8221; custom_padding_tablet=&#8221;100px||100px||false|false&#8221; custom_padding_phone=&#8221;25px||100px||false|false&#8221; animation_style=&#8221;fade&#8221; animation_duration=&#8221;1200ms&#8221; background_last_edited=&#8221;on|tablet&#8221; background_enable_image_tablet=&#8221;off&#8221; background_size_tablet=&#8221;contain&#8221; background_position_tablet=&#8221;top_left&#8221; locked=&#8221;off&#8221; global_colors_info=&#8221;{}&#8221;][et_pb_row column_structure=&#8221;1_2,1_2&#8243; use_custom_gutter=&#8221;on&#8221; _builder_version=&#8221;4.25.2&#8243; _module_preset=&#8221;default&#8221; width=&#8221;100%&#8221; width_tablet=&#8221;80%&#8221; width_phone=&#8221;80%&#8221; width_last_edited=&#8221;on|tablet&#8221; module_alignment=&#8221;center&#8221; custom_padding=&#8221;0px||0px||false|false&#8221; global_colors_info=&#8221;{}&#8221;][et_pb_column type=&#8221;1_2&#8243; _builder_version=&#8221;4.22.1&#8243; _module_preset=&#8221;default&#8221; custom_css_main_element=&#8221;margin: auto;&#8221; global_colors_info=&#8221;{}&#8221;][et_pb_text content_tablet=&#8221;<\/p>\n<p>Founded in 1993, fama re.capital is an independent asset management firm and a certified B Corporation, dedicated to redefining the role of investments in building a sustainable future. Our pioneering approach seeks to balance robust financial returns with the generation of tangible benefits for society and the environment, recognizing that economic value must be created in an inclusive and responsible manner.<\/p>\n<p>In developing innovative products, we focus on investments that not only deliver solid financial results but also address urgent demands for socio-environmental solutions. We believe that contemporary challenges\u2014from climate change to social inequalities\u2014require a fundamental reevaluation of how capital is allocated. Our strategies aim to do just that: identify opportunities where economic growth aligns with social and environmental progress.<\/p>\n<p>&#8221; content_phone=&#8221;<\/p>\n<p>Founded in 1993, fama re.capital is an independent asset management firm and a certified B Corporation, dedicated to redefining the role of investments in building a sustainable future. Our pioneering approach seeks to balance robust financial returns with the generation of tangible benefits for society and the environment, recognizing that economic value must be created in an inclusive and responsible manner.<\/p>\n<p>In developing innovative products, we focus on investments that not only deliver solid financial results but also address urgent demands for socio-environmental solutions. We believe that contemporary challenges\u2014from climate change to social inequalities\u2014require a fundamental reevaluation of how capital is allocated. Our strategies aim to do just that: identify opportunities where economic growth aligns with social and environmental progress.<\/p>\n<p>&#8221; content_last_edited=&#8221;on|phone&#8221; _builder_version=&#8221;4.27.0&#8243; _module_preset=&#8221;default&#8221; text_font=&#8221;Switzer Extralight||||||||&#8221; text_text_color=&#8221;#2C2C2C&#8221; text_font_size=&#8221;24px&#8221; text_line_height=&#8221;32px&#8221; module_alignment=&#8221;center&#8221; text_font_size_tablet=&#8221;24px&#8221; text_font_size_phone=&#8221;24px&#8221; text_font_size_last_edited=&#8221;on|phone&#8221; text_line_height_tablet=&#8221;32px&#8221; text_line_height_phone=&#8221;32px&#8221; text_line_height_last_edited=&#8221;on|phone&#8221; global_colors_info=&#8221;{}&#8221;]<\/p>\n<p>Founded in 1993, fama re.capital is an independent asset management firm and a certified B Corporation, dedicated to redefining the role of investments in building a sustainable future. Our pioneering approach seeks to balance robust financial returns with the generation of tangible benefits for society and the environment, recognizing that economic value must be created in an inclusive and responsible manner.<\/p>\n<p>In developing innovative products, we focus on investments that not only deliver solid financial results but also address urgent demands for socio-environmental solutions. We believe that contemporary challenges\u2014from climate change to social inequalities\u2014require a fundamental reevaluation of how capital is allocated. Our strategies aim to do just that: identify opportunities where economic growth aligns with social and environmental progress.<\/p>\n<p>[\/et_pb_text][\/et_pb_column][et_pb_column type=&#8221;1_2&#8243; _builder_version=&#8221;4.22.1&#8243; _module_preset=&#8221;default&#8221; custom_css_main_element=&#8221;margin: auto;&#8221; global_colors_info=&#8221;{}&#8221;][et_pb_text content_tablet=&#8221;<\/p>\n<p>More than simply providing capital, we work as strategic partners to the companies and projects in which we invest, helping them navigate and thrive in an increasingly complex business environment. Our commitment is to create lasting value, using a lens that considers the full impact of our actions, from strengthening sustainable business practices to promoting innovations that transform entire sectors.<\/p>\n<p>We understand that the future of investments lies in the convergence of profit and purpose. Our solutions are designed for investors who seek more than financial returns; they want to be part of a significant change that sets new standards of success. In a rapidly changing world, we believe that capital must be a catalyst for progress that is shared by all.<\/p>\n<p>At fama re.capital, we are committed to leading this new era of responsible investments, where profitability and social responsibility go hand in hand, creating a positive legacy for future generations.<\/p>\n<p>&#8221; content_phone=&#8221;<\/p>\n<p>More than simply providing capital, we work as strategic partners to the companies and projects in which we invest, helping them navigate and thrive in an increasingly complex business environment. Our commitment is to create lasting value, using a lens that considers the full impact of our actions, from strengthening sustainable business practices to promoting innovations that transform entire sectors.<\/p>\n<p>We understand that the future of investments lies in the convergence of profit and purpose. Our solutions are designed for investors who seek more than financial returns; they want to be part of a significant change that sets new standards of success. In a rapidly changing world, we believe that capital must be a catalyst for progress that is shared by all.<\/p>\n<p>At fama re.capital, we are committed to leading this new era of responsible investments, where profitability and social responsibility go hand in hand, creating a positive legacy for future generations.<\/p>\n<p>&#8221; content_last_edited=&#8221;on|phone&#8221; _builder_version=&#8221;4.27.0&#8243; _module_preset=&#8221;default&#8221; text_font=&#8221;Switzer Extralight||||||||&#8221; text_text_color=&#8221;#2C2C2C&#8221; text_font_size=&#8221;24px&#8221; text_line_height=&#8221;32px&#8221; module_alignment=&#8221;center&#8221; custom_margin=&#8221;0px||||false|false&#8221; custom_padding=&#8221;0px|||||&#8221; text_font_size_tablet=&#8221;24px&#8221; text_font_size_phone=&#8221;24px&#8221; text_font_size_last_edited=&#8221;on|phone&#8221; text_line_height_tablet=&#8221;32px&#8221; text_line_height_phone=&#8221;32px&#8221; text_line_height_last_edited=&#8221;on|phone&#8221; global_colors_info=&#8221;{}&#8221;]<\/p>\n<p>More than simply providing capital, we work as strategic partners to the companies and projects in which we invest, helping them navigate and thrive in an increasingly complex business environment. Our commitment is to create lasting value, using a lens that considers the full impact of our actions, from strengthening sustainable business practices to promoting innovations that transform entire sectors.<\/p>\n<p>We understand that the future of investments lies in the convergence of profit and purpose. Our solutions are designed for investors who seek more than financial returns; they want to be part of a significant change that sets new standards of success. In a rapidly changing world, we believe that capital must be a catalyst for progress that is shared by all.<\/p>\n<p>At fama re.capital, we are committed to leading this new era of responsible investments, where profitability and social responsibility go hand in hand, creating a positive legacy for future generations.<\/p>\n<p>[\/et_pb_text][\/et_pb_column][\/et_pb_row][\/et_pb_section][et_pb_section fb_built=&#8221;1&#8243; custom_padding_last_edited=&#8221;on|tablet&#8221; module_id=&#8221;saiba_mais&#8221; _builder_version=&#8221;4.25.1&#8243; _module_preset=&#8221;default&#8221; background_color=&#8221;rgba(241,237,234,0.76)&#8221; background_enable_image=&#8221;off&#8221; parallax=&#8221;on&#8221; custom_padding=&#8221;100px||100px||false|false&#8221; custom_padding_tablet=&#8221;100px||100px||false|false&#8221; custom_padding_phone=&#8221;50px||75px||false|false&#8221; animation_style=&#8221;fade&#8221; animation_duration=&#8221;1200ms&#8221; background_last_edited=&#8221;on|tablet&#8221; background_enable_image_tablet=&#8221;off&#8221; background_size_tablet=&#8221;contain&#8221; background_position_tablet=&#8221;top_left&#8221; locked=&#8221;off&#8221; global_colors_info=&#8221;{}&#8221;][et_pb_row column_structure=&#8221;1_2,1_2&#8243; use_custom_gutter=&#8221;on&#8221; make_equal=&#8221;on&#8221; _builder_version=&#8221;4.25.1&#8243; _module_preset=&#8221;default&#8221; width=&#8221;85%&#8221; width_tablet=&#8221;80%&#8221; width_phone=&#8221;80%&#8221; width_last_edited=&#8221;on|tablet&#8221; custom_padding=&#8221;0px||0px||false|false&#8221; global_colors_info=&#8221;{}&#8221;][et_pb_column type=&#8221;1_2&#8243; _builder_version=&#8221;4.22.1&#8243; _module_preset=&#8221;default&#8221; custom_css_main_element=&#8221;margin: auto;&#8221; global_colors_info=&#8221;{}&#8221;][et_pb_text _builder_version=&#8221;4.27.0&#8243; _module_preset=&#8221;default&#8221; header_3_font=&#8221;Eiko Light|300|||||||&#8221; header_3_font_size=&#8221;42px&#8221; header_3_line_height=&#8221;45px&#8221; global_colors_info=&#8221;{}&#8221;]<\/p>\n<h3>We are a B Corp!<\/h3>\n<p>[\/et_pb_text][et_pb_text _builder_version=&#8221;4.27.0&#8243; _module_preset=&#8221;default&#8221; text_font=&#8221;Switzer Extralight|200|||||||&#8221; text_text_color=&#8221;#2C2C2C&#8221; text_font_size=&#8221;22px&#8221; text_line_height=&#8221;30px&#8221; global_colors_info=&#8221;{}&#8221;]<\/p>\n<p>As one of only <strong>74 asset managers<\/strong> in the world to achieve the certification and as part of a global community of companies that use the power of business for good, this achievement reinforces our mission to promote responsible investments and generate positive impact for society and the environment, aligning our operations with ESG (Environmental, Social and Governance) principles and redefining success in the business world.<\/p>\n<p>[\/et_pb_text][et_pb_button button_url=&#8221;https:\/\/www.bcorporation.net\/en-us\/find-a-b-corp\/company\/fama-re-capital\/&#8221; url_new_window=&#8221;on&#8221; button_text=&#8221;learn more&#8221; button_alignment=&#8221;left&#8221; button_alignment_tablet=&#8221;left&#8221; button_alignment_phone=&#8221;left&#8221; button_alignment_last_edited=&#8221;on|phone&#8221; _builder_version=&#8221;4.27.0&#8243; _module_preset=&#8221;default&#8221; custom_button=&#8221;on&#8221; button_text_size=&#8221;18px&#8221; button_text_color=&#8221;#2C2C2C&#8221; button_border_width=&#8221;1px&#8221; button_border_color=&#8221;#2C2C2C&#8221; button_border_radius=&#8221;92px&#8221; button_font=&#8221;Switzer Light||||||||&#8221; button_use_icon=&#8221;off&#8221; animation_style=&#8221;fade&#8221; animation_duration=&#8221;1600ms&#8221; button_text_color_tablet=&#8221;#2C2C2C&#8221; button_text_color_phone=&#8221;#2C2C2C&#8221; button_text_color_last_edited=&#8221;on|desktop&#8221; locked=&#8221;off&#8221; global_colors_info=&#8221;{}&#8221; button_text_color__hover_enabled=&#8221;on|hover&#8221; button_text_color__hover=&#8221;#B2ECED&#8221; button_border_color__hover_enabled=&#8221;on|desktop&#8221; button_border_color__hover=&#8221;#b1dfe2&#8243;][\/et_pb_button][\/et_pb_column][et_pb_column type=&#8221;1_2&#8243; _builder_version=&#8221;4.22.1&#8243; _module_preset=&#8221;default&#8221; custom_css_main_element=&#8221;margin: auto;&#8221; global_colors_info=&#8221;{}&#8221;][et_pb_image src=&#8221;https:\/\/famarecapital.com\/eng\/wp-content\/uploads\/empresa_B.png&#8221; title_text=&#8221;empresa_B&#8221; _builder_version=&#8221;4.25.1&#8243; _module_preset=&#8221;default&#8221; global_colors_info=&#8221;{}&#8221;][\/et_pb_image][\/et_pb_column][\/et_pb_row][\/et_pb_section][et_pb_section fb_built=&#8221;1&#8243; custom_padding_last_edited=&#8221;on|tablet&#8221; module_id=&#8221;saiba_mais&#8221; _builder_version=&#8221;4.25.1&#8243; _module_preset=&#8221;default&#8221; background_enable_color=&#8221;off&#8221; background_enable_image=&#8221;off&#8221; parallax=&#8221;on&#8221; custom_padding=&#8221;100px||100px||false|false&#8221; custom_padding_tablet=&#8221;100px||100px||false|false&#8221; custom_padding_phone=&#8221;50px||75px||false|false&#8221; animation_style=&#8221;fade&#8221; animation_duration=&#8221;1200ms&#8221; background_last_edited=&#8221;on|tablet&#8221; background_enable_image_tablet=&#8221;off&#8221; background_size_tablet=&#8221;contain&#8221; background_position_tablet=&#8221;top_left&#8221; locked=&#8221;off&#8221; global_colors_info=&#8221;{}&#8221;][et_pb_row column_structure=&#8221;1_2,1_2&#8243; use_custom_gutter=&#8221;on&#8221; gutter_width=&#8221;2&#8243; make_equal=&#8221;on&#8221; _builder_version=&#8221;4.25.0&#8243; _module_preset=&#8221;default&#8221; width=&#8221;85%&#8221; width_tablet=&#8221;80%&#8221; width_phone=&#8221;80%&#8221; width_last_edited=&#8221;on|tablet&#8221; custom_margin=&#8221;||50px||false|false&#8221; custom_padding=&#8221;0px||0px||false|false&#8221; global_colors_info=&#8221;{}&#8221;][et_pb_column type=&#8221;1_2&#8243; _builder_version=&#8221;4.22.1&#8243; _module_preset=&#8221;default&#8221; custom_css_main_element=&#8221;margin: auto;&#8221; global_colors_info=&#8221;{}&#8221;][et_pb_text _builder_version=&#8221;4.27.0&#8243; _module_preset=&#8221;default&#8221; header_3_font=&#8221;Eiko Light||||||||&#8221; header_3_font_size=&#8221;42px&#8221; header_3_line_height=&#8221;45px&#8221; global_colors_info=&#8221;{}&#8221;]<\/p>\n<h3>Our awards, commitments and certifications<\/h3>\n<p>[\/et_pb_text][\/et_pb_column][et_pb_column type=&#8221;1_2&#8243; _builder_version=&#8221;4.22.1&#8243; _module_preset=&#8221;default&#8221; custom_css_main_element=&#8221;margin: auto;&#8221; global_colors_info=&#8221;{}&#8221;][\/et_pb_column][\/et_pb_row][et_pb_row column_structure=&#8221;1_3,1_3,1_3&#8243; use_custom_gutter=&#8221;on&#8221; gutter_width=&#8221;2&#8243; _builder_version=&#8221;4.25.1&#8243; _module_preset=&#8221;default&#8221; module_alignment=&#8221;center&#8221; custom_padding=&#8221;0px||||false|false&#8221; global_colors_info=&#8221;{}&#8221;][et_pb_column type=&#8221;1_3&#8243; _builder_version=&#8221;4.25.1&#8243; _module_preset=&#8221;default&#8221; global_colors_info=&#8221;{}&#8221;][et_pb_image src=&#8221;https:\/\/famarecapital.com\/eng\/wp-content\/uploads\/netzeroassetmanagers-2.webp&#8221; title_text=&#8221;netzeroassetmanagers-2&#8243; url=&#8221;https:\/\/www.netzeroassetmanagers.org\/&#8221; url_new_window=&#8221;on&#8221; _builder_version=&#8221;4.26.0&#8243; _module_preset=&#8221;default&#8221; global_colors_info=&#8221;{}&#8221;][\/et_pb_image][et_pb_text _builder_version=&#8221;4.27.0&#8243; _module_preset=&#8221;default&#8221; text_font=&#8221;Switzer Light||||||||&#8221; text_text_color=&#8221;#2C2C2C&#8221; text_font_size=&#8221;18px&#8221; header_3_font=&#8221;Eiko Light||||||||&#8221; header_3_text_color=&#8221;#2C2C2C&#8221; header_3_font_size=&#8221;24px&#8221; link_option_url=&#8221;https:\/\/www.netzeroassetmanagers.org\/&#8221; link_option_url_new_window=&#8221;on&#8221; global_colors_info=&#8221;{}&#8221;]<\/p>\n<h3>Net-Zero Asset Managers<\/h3>\n<ul>\n<li><span>Co-founder and signatory<\/span><\/li>\n<li><span>The only co-founder in Latin America<\/span><\/li>\n<\/ul>\n<p>[\/et_pb_text][\/et_pb_column][et_pb_column type=&#8221;1_3&#8243; _builder_version=&#8221;4.25.1&#8243; _module_preset=&#8221;default&#8221; global_colors_info=&#8221;{}&#8221;][et_pb_image src=&#8221;https:\/\/famarecapital.com\/eng\/wp-content\/uploads\/Best-World_2.png&#8221; title_text=&#8221;Best&#8211;World_2&#8243; url=&#8221;https:\/\/sistemabbrasil.org\/best-for-the-world\/&#8221; url_new_window=&#8221;on&#8221; _builder_version=&#8221;4.26.0&#8243; _module_preset=&#8221;default&#8221; global_colors_info=&#8221;{}&#8221;][\/et_pb_image][et_pb_text _builder_version=&#8221;4.27.0&#8243; _module_preset=&#8221;default&#8221; text_font=&#8221;Switzer Light||||||||&#8221; text_text_color=&#8221;#2C2C2C&#8221; text_font_size=&#8221;18px&#8221; header_3_font=&#8221;Eiko Light||||||||&#8221; header_3_text_color=&#8221;#2C2C2C&#8221; header_3_font_size=&#8221;24px&#8221; link_option_url=&#8221;https:\/\/sistemabbrasil.org\/best-for-the-world\/&#8221; link_option_url_new_window=&#8221;on&#8221; global_colors_info=&#8221;{}&#8221;]<\/p>\n<h3>Best for the World<\/h3>\n<ul>\n<li><span>Recognized for good practices with its employees<\/span><\/li>\n<li><span>Recognition by B Lab in 2022 and 2023<\/span><\/li>\n<\/ul>\n<p>[\/et_pb_text][\/et_pb_column][et_pb_column type=&#8221;1_3&#8243; _builder_version=&#8221;4.25.1&#8243; _module_preset=&#8221;default&#8221; global_colors_info=&#8221;{}&#8221;][et_pb_image src=&#8221;https:\/\/famarecapital.com\/eng\/wp-content\/uploads\/PRI_2.png&#8221; title_text=&#8221;PRI_2&#8243; url=&#8221;https:\/\/www.unpri.org\/showcasing-leadership\/the-pri-awards-2024\/12268.article&#8221; url_new_window=&#8221;on&#8221; _builder_version=&#8221;4.26.0&#8243; _module_preset=&#8221;default&#8221; background_color=&#8221;#e8e8e4&#8243; custom_margin=&#8221;||||false|false&#8221; global_colors_info=&#8221;{}&#8221;][\/et_pb_image][et_pb_text _builder_version=&#8221;4.27.0&#8243; _module_preset=&#8221;default&#8221; text_font=&#8221;Switzer Light||||||||&#8221; text_text_color=&#8221;#2C2C2C&#8221; text_font_size=&#8221;18px&#8221; header_3_font=&#8221;Eiko Light||||||||&#8221; header_3_text_color=&#8221;#2C2C2C&#8221; header_3_font_size=&#8221;24px&#8221; global_colors_info=&#8221;{}&#8221;]<\/p>\n<h3>PRI Awards 2022<\/h3>\n<ul>\n<li><span>The only manager in Latin America to be a finalist for the award<\/span><\/li>\n<\/ul>\n<p>[\/et_pb_text][\/et_pb_column][\/et_pb_row][et_pb_row column_structure=&#8221;1_3,1_3,1_3&#8243; use_custom_gutter=&#8221;on&#8221; gutter_width=&#8221;2&#8243; _builder_version=&#8221;4.25.1&#8243; _module_preset=&#8221;default&#8221; module_alignment=&#8221;center&#8221; custom_padding=&#8221;0px||||false|false&#8221; global_colors_info=&#8221;{}&#8221;][et_pb_column type=&#8221;1_3&#8243; _builder_version=&#8221;4.25.1&#8243; _module_preset=&#8221;default&#8221; global_colors_info=&#8221;{}&#8221;][et_pb_image src=&#8221;https:\/\/famarecapital.com\/eng\/wp-content\/uploads\/ESG_2.png&#8221; title_text=&#8221;ESG_2&#8243; url=&#8221;https:\/\/www.esginvesting.co.uk\/awards\/shortlistedfinalists\/&#8221; url_new_window=&#8221;on&#8221; _builder_version=&#8221;4.26.0&#8243; _module_preset=&#8221;default&#8221; background_color=&#8221;#e8e8e4&#8243; custom_margin=&#8221;||||false|false&#8221; global_colors_info=&#8221;{}&#8221;][\/et_pb_image][et_pb_text _builder_version=&#8221;4.27.0&#8243; _module_preset=&#8221;default&#8221; text_font=&#8221;Switzer Light||||||||&#8221; text_text_color=&#8221;#2C2C2C&#8221; text_font_size=&#8221;18px&#8221; header_3_font=&#8221;Eiko Light||||||||&#8221; header_3_text_color=&#8221;#2C2C2C&#8221; header_3_font_size=&#8221;24px&#8221; header_3_line_height=&#8221;27px&#8221; link_option_url=&#8221;https:\/\/www.esginvesting.co.uk\/awards\/shortlistedfinalists\/&#8221; link_option_url_new_window=&#8221;on&#8221; global_colors_info=&#8221;{}&#8221;]<\/p>\n<h3>ESG Investing Awards 2022 and 2023<\/h3>\n<ul>\n<li><span>The only manager in Latin America to be a finalist for the award<\/span><\/li>\n<\/ul>\n<p>[\/et_pb_text][\/et_pb_column][et_pb_column type=&#8221;1_3&#8243; _builder_version=&#8221;4.25.1&#8243; _module_preset=&#8221;default&#8221; global_colors_info=&#8221;{}&#8221;][et_pb_image src=&#8221;https:\/\/famarecapital.com\/eng\/wp-content\/uploads\/CDP.png&#8221; title_text=&#8221;CDP&#8221; url=&#8221;https:\/\/www.cdp.net\/pt\/investor\/engage-with-companies\/non-disclosure-campaign&#8221; url_new_window=&#8221;on&#8221; _builder_version=&#8221;4.26.0&#8243; _module_preset=&#8221;default&#8221; background_color=&#8221;#e8e8e4&#8243; custom_margin=&#8221;||||false|false&#8221; global_colors_info=&#8221;{}&#8221;][\/et_pb_image][et_pb_text _builder_version=&#8221;4.27.0&#8243; _module_preset=&#8221;default&#8221; text_font=&#8221;Switzer Light||||||||&#8221; text_text_color=&#8221;#2C2C2C&#8221; text_font_size=&#8221;18px&#8221; header_3_font=&#8221;Eiko Light||||||||&#8221; header_3_text_color=&#8221;#2C2C2C&#8221; header_3_font_size=&#8221;24px&#8221; link_option_url=&#8221;https:\/\/www.cdp.net\/pt\/investor\/engage-with-companies\/non-disclosure-campaign&#8221; link_option_url_new_window=&#8221;on&#8221; global_colors_info=&#8221;{}&#8221;]<\/p>\n<h3>CDP Non-Disclosure Campaign<\/h3>\n<ul>\n<li><span>Leader of the campaign&#8217;s collective engagement<\/span><\/li>\n<li><span>Only Brazilian manager during the 2022 and 2023 campaign<\/span><\/li>\n<\/ul>\n<p>[\/et_pb_text][\/et_pb_column][et_pb_column type=&#8221;1_3&#8243; _builder_version=&#8221;4.25.1&#8243; _module_preset=&#8221;default&#8221; global_colors_info=&#8221;{}&#8221;][et_pb_image src=&#8221;https:\/\/famarecapital.com\/eng\/wp-content\/uploads\/Nature_Action.png&#8221; title_text=&#8221;Nature_Action&#8221; url=&#8221;https:\/\/www.natureaction100.org\/&#8221; url_new_window=&#8221;on&#8221; _builder_version=&#8221;4.26.0&#8243; _module_preset=&#8221;default&#8221; background_color=&#8221;#F1EDEA&#8221; global_colors_info=&#8221;{}&#8221;][\/et_pb_image][et_pb_text _builder_version=&#8221;4.27.0&#8243; _module_preset=&#8221;default&#8221; text_font=&#8221;Switzer Light||||||||&#8221; text_text_color=&#8221;#2C2C2C&#8221; text_font_size=&#8221;18px&#8221; header_3_font=&#8221;Eiko Light||||||||&#8221; header_3_text_color=&#8221;#2C2C2C&#8221; header_3_font_size=&#8221;24px&#8221; link_option_url=&#8221;https:\/\/www.natureaction100.org\/&#8221; link_option_url_new_window=&#8221;on&#8221; global_colors_info=&#8221;{}&#8221;]<\/p>\n<h3>Nature Action 100<\/h3>\n<ul>\n<li><span>Signatory since 2023<\/span><\/li>\n<li><span>Engagement in corporate actions for the preservation of nature and biodiversity<\/span><\/li>\n<\/ul>\n<p>[\/et_pb_text][\/et_pb_column][\/et_pb_row][et_pb_row column_structure=&#8221;1_3,1_3,1_3&#8243; use_custom_gutter=&#8221;on&#8221; gutter_width=&#8221;2&#8243; _builder_version=&#8221;4.27.0&#8243; _module_preset=&#8221;default&#8221; module_alignment=&#8221;center&#8221; custom_padding=&#8221;0px||||false|false&#8221; hover_enabled=&#8221;0&#8243; global_colors_info=&#8221;{}&#8221; sticky_enabled=&#8221;0&#8243;][et_pb_column type=&#8221;1_3&#8243; _builder_version=&#8221;4.25.1&#8243; _module_preset=&#8221;default&#8221; global_colors_info=&#8221;{}&#8221;][et_pb_image src=&#8221;https:\/\/famarecapital.com\/eng\/wp-content\/uploads\/Selo_C1__Positivo-1.png&#8221; title_text=&#8221;Selo_C1__Positivo&#8221; url=&#8221;https:\/\/compromisso1porcento.org.br\/&#8221; url_new_window=&#8221;on&#8221; _builder_version=&#8221;4.27.0&#8243; _module_preset=&#8221;default&#8221; background_color=&#8221;#e8e8e4&#8243; custom_margin=&#8221;||||false|false&#8221; hover_enabled=&#8221;0&#8243; global_colors_info=&#8221;{}&#8221; sticky_enabled=&#8221;0&#8243; border_width_all=&#8221;53px&#8221; border_color_all=&#8221;#e8e8e4&#8243;][\/et_pb_image][et_pb_text _builder_version=&#8221;4.27.0&#8243; _module_preset=&#8221;default&#8221; text_font=&#8221;Switzer Light||||||||&#8221; text_text_color=&#8221;#2C2C2C&#8221; text_font_size=&#8221;18px&#8221; header_3_font=&#8221;Eiko Light||||||||&#8221; header_3_text_color=&#8221;#2C2C2C&#8221; header_3_font_size=&#8221;24px&#8221; header_3_line_height=&#8221;27px&#8221; link_option_url=&#8221;https:\/\/www.esginvesting.co.uk\/awards\/shortlistedfinalists\/&#8221; link_option_url_new_window=&#8221;on&#8221; hover_enabled=&#8221;0&#8243; global_colors_info=&#8221;{}&#8221; sticky_enabled=&#8221;0&#8243;]<\/p>\n<h3>Comprimisso 1%<\/h3>\n<ul>\n<li><span>Singnatory since 2024<\/span><\/li>\n<\/ul>\n<p>[\/et_pb_text][\/et_pb_column][et_pb_column type=&#8221;1_3&#8243; _builder_version=&#8221;4.25.1&#8243; _module_preset=&#8221;default&#8221; global_colors_info=&#8221;{}&#8221;][et_pb_image src=&#8221;https:\/\/famarecapital.com\/eng\/wp-content\/uploads\/logo-alianca-pelo-impacto.png&#8221; title_text=&#8221;logo-alian\u00e7a-pelo-impacto&#8221; url=&#8221;https:\/\/aliancapeloimpacto.org.br\/&#8221; url_new_window=&#8221;on&#8221; _builder_version=&#8221;4.27.0&#8243; _module_preset=&#8221;default&#8221; background_color=&#8221;#e8e8e4&#8243; hover_enabled=&#8221;0&#8243; global_colors_info=&#8221;{}&#8221; border_color_all=&#8221;#e8e8e4&#8243; border_width_all=&#8221;82px&#8221; sticky_enabled=&#8221;0&#8243;][\/et_pb_image][et_pb_text _builder_version=&#8221;4.27.0&#8243; _module_preset=&#8221;default&#8221; text_font=&#8221;Switzer Light||||||||&#8221; text_text_color=&#8221;#2C2C2C&#8221; text_font_size=&#8221;18px&#8221; header_3_font=&#8221;Eiko Light||||||||&#8221; header_3_text_color=&#8221;#2C2C2C&#8221; header_3_font_size=&#8221;24px&#8221; link_option_url=&#8221;https:\/\/www.natureaction100.org\/&#8221; link_option_url_new_window=&#8221;on&#8221; hover_enabled=&#8221;0&#8243; global_colors_info=&#8221;{}&#8221; sticky_enabled=&#8221;0&#8243;]<\/p>\n<h3>Alian\u00e7a Pelo Impacto<\/h3>\n<ul>\n<li><span>Signatory since 2023<\/span><\/li>\n<\/ul>\n<p>[\/et_pb_text][\/et_pb_column][et_pb_column type=&#8221;1_3&#8243; _builder_version=&#8221;4.25.1&#8243; _module_preset=&#8221;default&#8221; global_colors_info=&#8221;{}&#8221;][et_pb_image src=&#8221;https:\/\/famarecapital.com\/eng\/wp-content\/uploads\/UN_Global_Compact_logo.svg.png&#8221; title_text=&#8221;UN_Global_Compact_logo.svg&#8221; url=&#8221;https:\/\/unglobalcompact.org\/&#8221; url_new_window=&#8221;on&#8221; _builder_version=&#8221;4.27.0&#8243; _module_preset=&#8221;default&#8221; background_color=&#8221;#e8e8e4&#8243; custom_margin=&#8221;||||false|false&#8221; hover_enabled=&#8221;0&#8243; global_colors_info=&#8221;{}&#8221; border_width_all=&#8221;71px&#8221; sticky_enabled=&#8221;0&#8243; border_color_all=&#8221;#e8e8e4&#8243;][\/et_pb_image][et_pb_text _builder_version=&#8221;4.27.0&#8243; _module_preset=&#8221;default&#8221; text_font=&#8221;Switzer Light||||||||&#8221; text_text_color=&#8221;#2C2C2C&#8221; text_font_size=&#8221;18px&#8221; header_3_font=&#8221;Eiko Light||||||||&#8221; header_3_text_color=&#8221;#2C2C2C&#8221; header_3_font_size=&#8221;24px&#8221; link_option_url=&#8221;https:\/\/www.cdp.net\/pt\/investor\/engage-with-companies\/non-disclosure-campaign&#8221; link_option_url_new_window=&#8221;on&#8221; hover_enabled=&#8221;0&#8243; global_colors_info=&#8221;{}&#8221; sticky_enabled=&#8221;0&#8243;]<\/p>\n<h3>UN Global Compact<\/h3>\n<ul>\n<li><span>Signatory since 2020<\/span><\/li>\n<\/ul>\n<p>[\/et_pb_text][\/et_pb_column][\/et_pb_row][et_pb_row column_structure=&#8221;1_3,1_3,1_3&#8243; use_custom_gutter=&#8221;on&#8221; gutter_width=&#8221;2&#8243; _builder_version=&#8221;4.27.0&#8243; _module_preset=&#8221;default&#8221; module_alignment=&#8221;center&#8221; custom_padding=&#8221;0px||||false|false&#8221; hover_enabled=&#8221;0&#8243; global_colors_info=&#8221;{}&#8221; sticky_enabled=&#8221;0&#8243;][et_pb_column type=&#8221;1_3&#8243; _builder_version=&#8221;4.25.1&#8243; _module_preset=&#8221;default&#8221; global_colors_info=&#8221;{}&#8221;][et_pb_image src=&#8221;https:\/\/famarecapital.com\/eng\/wp-content\/uploads\/PRI_2.png&#8221; title_text=&#8221;PRI_2&#8243; url=&#8221;https:\/\/www.unpri.org\/&#8221; url_new_window=&#8221;on&#8221; _builder_version=&#8221;4.27.0&#8243; _module_preset=&#8221;default&#8221; background_color=&#8221;#e8e8e4&#8243; custom_margin=&#8221;||||false|false&#8221; hover_enabled=&#8221;0&#8243; global_colors_info=&#8221;{}&#8221; sticky_enabled=&#8221;0&#8243;][\/et_pb_image][et_pb_text _builder_version=&#8221;4.27.0&#8243; _module_preset=&#8221;default&#8221; text_font=&#8221;Switzer Light||||||||&#8221; text_text_color=&#8221;#2C2C2C&#8221; text_font_size=&#8221;18px&#8221; header_3_font=&#8221;Eiko Light||||||||&#8221; header_3_text_color=&#8221;#2C2C2C&#8221; header_3_font_size=&#8221;24px&#8221; header_3_line_height=&#8221;27px&#8221; link_option_url=&#8221;https:\/\/www.esginvesting.co.uk\/awards\/shortlistedfinalists\/&#8221; link_option_url_new_window=&#8221;on&#8221; hover_enabled=&#8221;0&#8243; global_colors_info=&#8221;{}&#8221; sticky_enabled=&#8221;0&#8243;]<\/p>\n<h3>Principles for Responsible Investment<\/h3>\n<ul>\n<li><span>Singnatory since 2011<\/span><\/li>\n<\/ul>\n<p>[\/et_pb_text][\/et_pb_column][et_pb_column type=&#8221;1_3&#8243; _builder_version=&#8221;4.25.1&#8243; _module_preset=&#8221;default&#8221; global_colors_info=&#8221;{}&#8221;][\/et_pb_column][et_pb_column type=&#8221;1_3&#8243; _builder_version=&#8221;4.25.1&#8243; _module_preset=&#8221;default&#8221; global_colors_info=&#8221;{}&#8221;][\/et_pb_column][\/et_pb_row][\/et_pb_section][et_pb_section fb_built=&#8221;1&#8243; custom_padding_last_edited=&#8221;on|tablet&#8221; module_id=&#8221;saiba_mais&#8221; _builder_version=&#8221;4.25.1&#8243; _module_preset=&#8221;default&#8221; background_color=&#8221;#F1EDEA&#8221; background_enable_image=&#8221;off&#8221; parallax=&#8221;on&#8221; custom_padding=&#8221;100px||100px||false|false&#8221; custom_padding_tablet=&#8221;100px||100px||false|false&#8221; custom_padding_phone=&#8221;25px||100px||false|false&#8221; animation_style=&#8221;fade&#8221; animation_duration=&#8221;1200ms&#8221; background_last_edited=&#8221;on|tablet&#8221; background_enable_image_tablet=&#8221;off&#8221; background_size_tablet=&#8221;contain&#8221; background_position_tablet=&#8221;top_left&#8221; locked=&#8221;off&#8221; global_colors_info=&#8221;{}&#8221;][et_pb_row use_custom_gutter=&#8221;on&#8221; gutter_width=&#8221;2&#8243; make_equal=&#8221;on&#8221; _builder_version=&#8221;4.25.2&#8243; _module_preset=&#8221;default&#8221; width=&#8221;100%&#8221; width_tablet=&#8221;80%&#8221; width_phone=&#8221;80%&#8221; width_last_edited=&#8221;on|tablet&#8221; module_alignment=&#8221;center&#8221; custom_padding=&#8221;0px||0px||false|false&#8221; global_colors_info=&#8221;{}&#8221;][et_pb_column type=&#8221;4_4&#8243; _builder_version=&#8221;4.22.1&#8243; _module_preset=&#8221;default&#8221; custom_css_main_element=&#8221;margin: auto;&#8221; global_colors_info=&#8221;{}&#8221;][et_pb_text _builder_version=&#8221;4.27.0&#8243; _module_preset=&#8221;default&#8221; header_3_font=&#8221;Eiko Light|300|||||||&#8221; header_3_font_size=&#8221;42px&#8221; header_3_line_height=&#8221;45px&#8221; global_colors_info=&#8221;{}&#8221;]<\/p>\n<h3>Our purpose and commitment<\/h3>\n<p>[\/et_pb_text][et_pb_text _builder_version=&#8221;4.27.0&#8243; _module_preset=&#8221;default&#8221; text_font=&#8221;Switzer Extralight|200|||||||&#8221; text_text_color=&#8221;#2C2C2C&#8221; text_font_size=&#8221;24px&#8221; text_line_height=&#8221;32px&#8221; global_colors_info=&#8221;{}&#8221;]<\/p>\n<p>We are guided by ethics and transparency and driven by the desire to contribute to a positive change in the capital market. <strong>We strive to always honor our duty as asset managers, leveraging the potential for impact that we have.<\/strong><\/p>\n<p>We are committed to leveraging this expertise and humbly, learning what is necessary to become the change agents we aspire to be and to see in the market.<\/p>\n<p>Our commitments and actions cover environmental, social, economic and governance issues, going beyond the traditional capital market universe. We aim to build bridges between the academic and professional sectors, involving the population.<\/p>\n<p>[\/et_pb_text][\/et_pb_column][\/et_pb_row][\/et_pb_section][et_pb_section fb_built=&#8221;1&#8243; custom_padding_last_edited=&#8221;on|tablet&#8221; module_id=&#8221;saiba_mais&#8221; _builder_version=&#8221;4.25.2&#8243; _module_preset=&#8221;default&#8221; background_color=&#8221;#FFFFFF&#8221; background_enable_image=&#8221;off&#8221; parallax=&#8221;on&#8221; custom_padding=&#8221;100px||100px||false|false&#8221; custom_padding_tablet=&#8221;100px||100px||false|false&#8221; custom_padding_phone=&#8221;50px||75px||false|false&#8221; animation_style=&#8221;fade&#8221; animation_duration=&#8221;1200ms&#8221; background_last_edited=&#8221;on|tablet&#8221; background_enable_image_tablet=&#8221;off&#8221; background_size_tablet=&#8221;contain&#8221; background_position_tablet=&#8221;top_left&#8221; locked=&#8221;off&#8221; global_colors_info=&#8221;{}&#8221;][et_pb_row use_custom_gutter=&#8221;on&#8221; gutter_width=&#8221;2&#8243; make_equal=&#8221;on&#8221; _builder_version=&#8221;4.26.0&#8243; _module_preset=&#8221;default&#8221; width_tablet=&#8221;80%&#8221; width_phone=&#8221;80%&#8221; width_last_edited=&#8221;on|tablet&#8221; custom_padding=&#8221;0px||55px||false|false&#8221; global_colors_info=&#8221;{}&#8221;][et_pb_column type=&#8221;4_4&#8243; _builder_version=&#8221;4.22.1&#8243; _module_preset=&#8221;default&#8221; custom_css_main_element=&#8221;margin: auto;&#8221; global_colors_info=&#8221;{}&#8221;][et_pb_text _builder_version=&#8221;4.27.0&#8243; _module_preset=&#8221;default&#8221; header_font=&#8221;Eiko Light|300|||||||&#8221; header_3_font=&#8221;Eiko Light|300|||||||&#8221; header_3_font_size=&#8221;42px&#8221; header_3_line_height=&#8221;45px&#8221; global_colors_info=&#8221;{}&#8221;]<\/p>\n<h3>Our team<\/h3>\n<p>[\/et_pb_text][\/et_pb_column][\/et_pb_row][et_pb_row column_structure=&#8221;1_4,1_4,1_4,1_4&#8243; _builder_version=&#8221;4.27.0&#8243; _module_preset=&#8221;default&#8221; custom_padding=&#8221;0px||45px||false|false&#8221; global_colors_info=&#8221;{}&#8221;][et_pb_column type=&#8221;1_4&#8243; module_class=&#8221;lightbox-trigger-alan&#8221; _builder_version=&#8221;4.26.0&#8243; _module_preset=&#8221;default&#8221; global_colors_info=&#8221;{}&#8221;][et_pb_image src=&#8221;https:\/\/famarecapital.com\/eng\/wp-content\/uploads\/Alan_web_cor.png&#8221; title_text=&#8221;Alan_web_cor&#8221; _builder_version=&#8221;4.26.0&#8243; _module_preset=&#8221;default&#8221; global_colors_info=&#8221;{}&#8221;][\/et_pb_image][et_pb_text _builder_version=&#8221;4.27.0&#8243; _module_preset=&#8221;default&#8221; text_font=&#8221;Switzer Light||||||||&#8221; text_text_color=&#8221;#2C2C2C&#8221; text_font_size=&#8221;18px&#8221; header_3_font=&#8221;Eiko Light||||||||&#8221; header_3_text_color=&#8221;#056FEB&#8221; header_3_font_size=&#8221;24px&#8221; global_colors_info=&#8221;{}&#8221;]<\/p>\n<h3>Alan Oliveira<\/h3>\n<p>Operations and Compliance<\/p>\n<p>[\/et_pb_text][\/et_pb_column][et_pb_column type=&#8221;1_4&#8243; module_class=&#8221;lightbox-trigger-amanda&#8221; _builder_version=&#8221;4.27.0&#8243; _module_preset=&#8221;default&#8221; global_colors_info=&#8221;{}&#8221;][et_pb_image src=&#8221;https:\/\/famarecapital.com\/eng\/wp-content\/uploads\/Amanda_web_cor.png&#8221; title_text=&#8221;Amanda_web_cor&#8221; _builder_version=&#8221;4.25.2&#8243; _module_preset=&#8221;default&#8221; global_colors_info=&#8221;{}&#8221;][\/et_pb_image][et_pb_text _builder_version=&#8221;4.27.0&#8243; _module_preset=&#8221;default&#8221; text_font=&#8221;Switzer Light||||||||&#8221; text_text_color=&#8221;#2C2C2C&#8221; text_font_size=&#8221;18px&#8221; header_3_font=&#8221;Eiko Light||||||||&#8221; header_3_text_color=&#8221;#056FEB&#8221; header_3_font_size=&#8221;24px&#8221; global_colors_info=&#8221;{}&#8221;]<\/p>\n<h3>Amanda Witzke<\/h3>\n<p>Analyst<\/p>\n<p>[\/et_pb_text][\/et_pb_column][et_pb_column type=&#8221;1_4&#8243; module_class=&#8221;lightbox-trigger-andre&#8221; _builder_version=&#8221;4.26.0&#8243; _module_preset=&#8221;default&#8221; global_colors_info=&#8221;{}&#8221;][et_pb_image src=&#8221;https:\/\/famarecapital.com\/eng\/wp-content\/uploads\/Andre_web_cor.png&#8221; title_text=&#8221;Andre\u0301_web_cor&#8221; _builder_version=&#8221;4.25.2&#8243; _module_preset=&#8221;default&#8221; global_colors_info=&#8221;{}&#8221;][\/et_pb_image][et_pb_text _builder_version=&#8221;4.25.2&#8243; _module_preset=&#8221;default&#8221; text_font=&#8221;Switzer Light||||||||&#8221; text_text_color=&#8221;#2C2C2C&#8221; text_font_size=&#8221;18px&#8221; header_3_font=&#8221;Eiko Light||||||||&#8221; header_3_text_color=&#8221;#056FEB&#8221; header_3_font_size=&#8221;24px&#8221; global_colors_info=&#8221;{}&#8221;]<\/p>\n<h3>Andr\u00e9 Lederman<\/h3>\n<p>COO<\/p>\n<p>[\/et_pb_text][\/et_pb_column][et_pb_column type=&#8221;1_4&#8243; module_class=&#8221;lightbox-trigger-andrea&#8221; _builder_version=&#8221;4.26.0&#8243; _module_preset=&#8221;default&#8221; global_colors_info=&#8221;{}&#8221;][et_pb_image src=&#8221;https:\/\/famarecapital.com\/eng\/wp-content\/uploads\/Andrea_web.png&#8221; title_text=&#8221;Andrea_web&#8221; _builder_version=&#8221;4.27.0&#8243; _module_preset=&#8221;default&#8221; global_colors_info=&#8221;{}&#8221;][\/et_pb_image][et_pb_text _builder_version=&#8221;4.27.0&#8243; _module_preset=&#8221;default&#8221; text_font=&#8221;Switzer Light||||||||&#8221; text_text_color=&#8221;#2C2C2C&#8221; text_font_size=&#8221;18px&#8221; header_3_font=&#8221;Eiko Light||||||||&#8221; header_3_text_color=&#8221;#056FEB&#8221; header_3_font_size=&#8221;24px&#8221; global_colors_info=&#8221;{}&#8221;]<\/p>\n<h3>Andrea Alvares<\/h3>\n<p>Head of the Socio-bioeconomy Fund<\/p>\n<p>[\/et_pb_text][\/et_pb_column][\/et_pb_row][et_pb_row column_structure=&#8221;1_4,1_4,1_4,1_4&#8243; _builder_version=&#8221;4.26.0&#8243; _module_preset=&#8221;default&#8221; custom_padding=&#8221;0px||45px||false|false&#8221; global_colors_info=&#8221;{}&#8221;][et_pb_column type=&#8221;1_4&#8243; module_class=&#8221;lightbox-trigger-carol&#8221; _builder_version=&#8221;4.26.0&#8243; _module_preset=&#8221;default&#8221; global_colors_info=&#8221;{}&#8221;][et_pb_image src=&#8221;https:\/\/famarecapital.com\/eng\/wp-content\/uploads\/Carol_web-1.png&#8221; title_text=&#8221;Carol_web&#8221; _builder_version=&#8221;4.25.2&#8243; _module_preset=&#8221;default&#8221; global_colors_info=&#8221;{}&#8221;][\/et_pb_image][et_pb_text _builder_version=&#8221;4.26.0&#8243; _module_preset=&#8221;default&#8221; text_font=&#8221;Switzer Light||||||||&#8221; text_text_color=&#8221;#2C2C2C&#8221; text_font_size=&#8221;18px&#8221; header_3_font=&#8221;Eiko Light||||||||&#8221; header_3_text_color=&#8221;#056FEB&#8221; header_3_font_size=&#8221;24px&#8221; global_colors_info=&#8221;{}&#8221;]<\/p>\n<h3>Caroline Dihl Prolo<\/h3>\n<p>Stewardship<\/p>\n<p>[\/et_pb_text][\/et_pb_column][et_pb_column type=&#8221;1_4&#8243; module_class=&#8221;lightbox-trigger-daniel&#8221; _builder_version=&#8221;4.26.0&#8243; _module_preset=&#8221;default&#8221; global_colors_info=&#8221;{}&#8221;][et_pb_image src=&#8221;https:\/\/famarecapital.com\/eng\/wp-content\/uploads\/Daniel_web.png&#8221; title_text=&#8221;Daniel_web&#8221; _builder_version=&#8221;4.26.0&#8243; _module_preset=&#8221;default&#8221; global_colors_info=&#8221;{}&#8221;][\/et_pb_image][et_pb_text _builder_version=&#8221;4.27.0&#8243; _module_preset=&#8221;default&#8221; text_font=&#8221;Switzer Light||||||||&#8221; text_text_color=&#8221;#2C2C2C&#8221; text_font_size=&#8221;18px&#8221; header_3_font=&#8221;Eiko Light||||||||&#8221; header_3_text_color=&#8221;#056FEB&#8221; header_3_font_size=&#8221;24px&#8221; global_colors_info=&#8221;{}&#8221;]<\/p>\n<h3>Daniel Silva<\/h3>\n<p>Low-carbon economy scientist<\/p>\n<p>[\/et_pb_text][\/et_pb_column][et_pb_column type=&#8221;1_4&#8243; module_class=&#8221;lightbox-trigger-diana&#8221; _builder_version=&#8221;4.26.0&#8243; _module_preset=&#8221;default&#8221; global_colors_info=&#8221;{}&#8221;][et_pb_image src=&#8221;https:\/\/famarecapital.com\/eng\/wp-content\/uploads\/Diana_web-1.png&#8221; title_text=&#8221;Diana_web&#8221; _builder_version=&#8221;4.25.2&#8243; _module_preset=&#8221;default&#8221; global_colors_info=&#8221;{}&#8221;][\/et_pb_image][et_pb_text _builder_version=&#8221;4.27.0&#8243; _module_preset=&#8221;default&#8221; text_font=&#8221;Switzer Light||||||||&#8221; text_text_color=&#8221;#2C2C2C&#8221; text_font_size=&#8221;18px&#8221; header_3_font=&#8221;Eiko Light||||||||&#8221; header_3_text_color=&#8221;#056FEB&#8221; header_3_font_size=&#8221;24px&#8221; global_colors_info=&#8221;{}&#8221;]<\/p>\n<h3>Diana Stuhlberger<\/h3>\n<p>Analyst<\/p>\n<p>[\/et_pb_text][\/et_pb_column][et_pb_column type=&#8221;1_4&#8243; module_class=&#8221;lightbox-trigger-fabio&#8221; _builder_version=&#8221;4.26.0&#8243; _module_preset=&#8221;default&#8221; global_colors_info=&#8221;{}&#8221;][et_pb_image src=&#8221;https:\/\/famarecapital.com\/eng\/wp-content\/uploads\/Fabio_web-2.png&#8221; title_text=&#8221;Fabio_web&#8221; _builder_version=&#8221;4.26.0&#8243; _module_preset=&#8221;default&#8221; global_colors_info=&#8221;{}&#8221;][\/et_pb_image][et_pb_text _builder_version=&#8221;4.27.0&#8243; _module_preset=&#8221;default&#8221; text_font=&#8221;Switzer Light||||||||&#8221; text_text_color=&#8221;#2C2C2C&#8221; text_font_size=&#8221;18px&#8221; header_3_font=&#8221;Eiko Light||||||||&#8221; header_3_text_color=&#8221;#056FEB&#8221; header_3_font_size=&#8221;24px&#8221; global_colors_info=&#8221;{}&#8221;]<\/p>\n<h3>Fabio Alperowitch<\/h3>\n<p>CIO and Founder<\/p>\n<p>[\/et_pb_text][\/et_pb_column][\/et_pb_row][et_pb_row column_structure=&#8221;1_4,1_4,1_4,1_4&#8243; _builder_version=&#8221;4.26.0&#8243; _module_preset=&#8221;default&#8221; custom_padding=&#8221;0px||45px||false|false&#8221; global_colors_info=&#8221;{}&#8221;][et_pb_column type=&#8221;1_4&#8243; module_class=&#8221;lightbox-trigger-paulo&#8221; _builder_version=&#8221;4.26.0&#8243; _module_preset=&#8221;default&#8221; global_colors_info=&#8221;{}&#8221;][et_pb_image src=&#8221;https:\/\/famarecapital.com\/eng\/wp-content\/uploads\/Paulo_web-1.png&#8221; title_text=&#8221;Paulo_web&#8221; _builder_version=&#8221;4.25.2&#8243; _module_preset=&#8221;default&#8221; global_colors_info=&#8221;{}&#8221;][\/et_pb_image][et_pb_text _builder_version=&#8221;4.27.0&#8243; _module_preset=&#8221;default&#8221; text_font=&#8221;Switzer Light||||||||&#8221; text_text_color=&#8221;#2C2C2C&#8221; text_font_size=&#8221;18px&#8221; header_3_font=&#8221;Eiko Light||||||||&#8221; header_3_text_color=&#8221;#056FEB&#8221; header_3_font_size=&#8221;24px&#8221; global_colors_info=&#8221;{}&#8221;]<\/p>\n<h3>Paulo Folha<\/h3>\n<p>Analyst<\/p>\n<p>[\/et_pb_text][\/et_pb_column][et_pb_column type=&#8221;1_4&#8243; module_class=&#8221;lightbox-trigger-jaqueline&#8221; _builder_version=&#8221;4.26.0&#8243; _module_preset=&#8221;default&#8221; global_colors_info=&#8221;{}&#8221;][et_pb_image src=&#8221;https:\/\/famarecapital.com\/eng\/wp-content\/uploads\/Jaqueline_web.png&#8221; title_text=&#8221;Jaqueline_web&#8221; _builder_version=&#8221;4.25.2&#8243; _module_preset=&#8221;default&#8221; global_colors_info=&#8221;{}&#8221;][\/et_pb_image][et_pb_text _builder_version=&#8221;4.27.0&#8243; _module_preset=&#8221;default&#8221; text_font=&#8221;Switzer Light||||||||&#8221; text_text_color=&#8221;#2C2C2C&#8221; text_font_size=&#8221;18px&#8221; header_3_font=&#8221;Eiko Light||||||||&#8221; header_3_text_color=&#8221;#056FEB&#8221; header_3_font_size=&#8221;24px&#8221; global_colors_info=&#8221;{}&#8221;]<\/p>\n<h3>Jaqueline Apter<\/h3>\n<p>Communication<\/p>\n<p>[\/et_pb_text][\/et_pb_column][et_pb_column type=&#8221;1_4&#8243; module_class=&#8221;lightbox-trigger-lauravehanen&#8221; _builder_version=&#8221;4.26.0&#8243; _module_preset=&#8221;default&#8221; global_colors_info=&#8221;{}&#8221;][et_pb_image src=&#8221;https:\/\/famarecapital.com\/eng\/wp-content\/uploads\/Laura_web_2.png&#8221; title_text=&#8221;Laura_web_2&#8243; _builder_version=&#8221;4.26.0&#8243; _module_preset=&#8221;default&#8221; global_colors_info=&#8221;{}&#8221;][\/et_pb_image][et_pb_text _builder_version=&#8221;4.27.0&#8243; _module_preset=&#8221;default&#8221; text_font=&#8221;Switzer Light||||||||&#8221; text_text_color=&#8221;#2C2C2C&#8221; text_font_size=&#8221;18px&#8221; header_3_font=&#8221;Eiko Light||||||||&#8221; header_3_text_color=&#8221;#056FEB&#8221; header_3_font_size=&#8221;24px&#8221; global_colors_info=&#8221;{}&#8221;]<\/p>\n<h3>Laura Vehanen<\/h3>\n<p>Analyst<\/p>\n<p>[\/et_pb_text][\/et_pb_column][et_pb_column type=&#8221;1_4&#8243; module_class=&#8221;lightbox-trigger-lauravelez&#8221; _builder_version=&#8221;4.26.0&#8243; _module_preset=&#8221;default&#8221; global_colors_info=&#8221;{}&#8221;][et_pb_image src=&#8221;https:\/\/famarecapital.com\/eng\/wp-content\/uploads\/Laura_web.png&#8221; title_text=&#8221;Laura_web&#8221; _builder_version=&#8221;4.25.2&#8243; _module_preset=&#8221;default&#8221; global_colors_info=&#8221;{}&#8221;][\/et_pb_image][et_pb_text _builder_version=&#8221;4.27.0&#8243; _module_preset=&#8221;default&#8221; text_font=&#8221;Switzer Light||||||||&#8221; text_text_color=&#8221;#2C2C2C&#8221; text_font_size=&#8221;18px&#8221; header_3_font=&#8221;Eiko Light||||||||&#8221; header_3_text_color=&#8221;#056FEB&#8221; header_3_font_size=&#8221;24px&#8221; global_colors_info=&#8221;{}&#8221;]<\/p>\n<h3>Laura V\u00e9lez<\/h3>\n<p>Head of ESG<\/p>\n<p>[\/et_pb_text][\/et_pb_column][\/et_pb_row][et_pb_row column_structure=&#8221;1_4,1_4,1_4,1_4&#8243; _builder_version=&#8221;4.26.0&#8243; _module_preset=&#8221;default&#8221; custom_padding=&#8221;0px||45px||false|false&#8221; global_colors_info=&#8221;{}&#8221;][et_pb_column type=&#8221;1_4&#8243; module_class=&#8221;lightbox-trigger-lucia&#8221; _builder_version=&#8221;4.26.0&#8243; _module_preset=&#8221;default&#8221; global_colors_info=&#8221;{}&#8221;][et_pb_image src=&#8221;https:\/\/famarecapital.com\/eng\/wp-content\/uploads\/Lucia_web.png&#8221; title_text=&#8221;Lucia_web&#8221; _builder_version=&#8221;4.25.2&#8243; _module_preset=&#8221;default&#8221; global_colors_info=&#8221;{}&#8221;][\/et_pb_image][et_pb_text _builder_version=&#8221;4.25.2&#8243; _module_preset=&#8221;default&#8221; text_font=&#8221;Switzer Light||||||||&#8221; text_text_color=&#8221;#2C2C2C&#8221; text_font_size=&#8221;18px&#8221; header_3_font=&#8221;Eiko Light||||||||&#8221; header_3_text_color=&#8221;#056FEB&#8221; header_3_font_size=&#8221;24px&#8221; global_colors_info=&#8221;{}&#8221;]<\/p>\n<h3>Lucia Rocha<\/h3>\n<p>Controller<\/p>\n<p>[\/et_pb_text][\/et_pb_column][et_pb_column type=&#8221;1_4&#8243; module_class=&#8221;lightbox-trigger-mauricio&#8221; _builder_version=&#8221;4.26.0&#8243; _module_preset=&#8221;default&#8221; global_colors_info=&#8221;{}&#8221;][et_pb_image src=&#8221;https:\/\/famarecapital.com\/eng\/wp-content\/uploads\/Mauricio_web.png&#8221; title_text=&#8221;Mauricio_web&#8221; _builder_version=&#8221;4.27.0&#8243; _module_preset=&#8221;default&#8221; global_colors_info=&#8221;{}&#8221;][\/et_pb_image][et_pb_text _builder_version=&#8221;4.27.0&#8243; _module_preset=&#8221;default&#8221; text_font=&#8221;Switzer Light||||||||&#8221; text_text_color=&#8221;#2C2C2C&#8221; text_font_size=&#8221;18px&#8221; header_3_font=&#8221;Eiko Light||||||||&#8221; header_3_text_color=&#8221;#056FEB&#8221; header_3_font_size=&#8221;24px&#8221; global_colors_info=&#8221;{}&#8221;]<\/p>\n<h3>Mauricio Camargo<\/h3>\n<p>Operations<\/p>\n<p>[\/et_pb_text][\/et_pb_column][et_pb_column type=&#8221;1_4&#8243; module_class=&#8221;lightbox-trigger-michael&#8221; _builder_version=&#8221;4.26.0&#8243; _module_preset=&#8221;default&#8221; global_colors_info=&#8221;{}&#8221;][et_pb_image src=&#8221;https:\/\/famarecapital.com\/eng\/wp-content\/uploads\/Michael_web.png&#8221; title_text=&#8221;Michael_web&#8221; _builder_version=&#8221;4.25.2&#8243; _module_preset=&#8221;default&#8221; global_colors_info=&#8221;{}&#8221;][\/et_pb_image][et_pb_text _builder_version=&#8221;4.26.0&#8243; _module_preset=&#8221;default&#8221; text_font=&#8221;Switzer Light||||||||&#8221; text_text_color=&#8221;#2C2C2C&#8221; text_font_size=&#8221;18px&#8221; header_3_font=&#8221;Eiko Light||||||||&#8221; header_3_text_color=&#8221;#056FEB&#8221; header_3_font_size=&#8221;24px&#8221; global_colors_info=&#8221;{}&#8221;]<\/p>\n<h3>Michael Wickert<\/h3>\n<p><span>Co-portfolio Manager<\/span><\/p>\n<p>[\/et_pb_text][\/et_pb_column][et_pb_column type=&#8221;1_4&#8243; module_class=&#8221;lightbox-trigger-pedro&#8221; _builder_version=&#8221;4.26.0&#8243; _module_preset=&#8221;default&#8221; global_colors_info=&#8221;{}&#8221;][et_pb_image src=&#8221;https:\/\/famarecapital.com\/eng\/wp-content\/uploads\/Pedro_web.png&#8221; title_text=&#8221;Pedro_web&#8221; _builder_version=&#8221;4.26.0&#8243; _module_preset=&#8221;default&#8221; global_colors_info=&#8221;{}&#8221;][\/et_pb_image][et_pb_text _builder_version=&#8221;4.26.0&#8243; _module_preset=&#8221;default&#8221; text_font=&#8221;Switzer Light||||||||&#8221; text_text_color=&#8221;#2C2C2C&#8221; text_font_size=&#8221;18px&#8221; header_3_font=&#8221;Eiko Light||||||||&#8221; header_3_text_color=&#8221;#056FEB&#8221; header_3_font_size=&#8221;24px&#8221; global_colors_info=&#8221;{}&#8221;]<\/p>\n<h3>Pedro Braga<\/h3>\n<p><span style=\"font-weight: 400;\">Associate<\/span><\/p>\n<p>[\/et_pb_text][\/et_pb_column][\/et_pb_row][et_pb_row column_structure=&#8221;1_4,1_4,1_4,1_4&#8243; _builder_version=&#8221;4.26.0&#8243; _module_preset=&#8221;default&#8221; custom_padding=&#8221;0px||45px||false|false&#8221; global_colors_info=&#8221;{}&#8221;][et_pb_column type=&#8221;1_4&#8243; module_class=&#8221;lightbox-trigger-silmara&#8221; _builder_version=&#8221;4.26.0&#8243; _module_preset=&#8221;default&#8221; global_colors_info=&#8221;{}&#8221;][et_pb_image src=&#8221;https:\/\/famarecapital.com\/eng\/wp-content\/uploads\/Silmara_web.png&#8221; title_text=&#8221;Silmara_web&#8221; _builder_version=&#8221;4.25.2&#8243; _module_preset=&#8221;default&#8221; global_colors_info=&#8221;{}&#8221;][\/et_pb_image][et_pb_text _builder_version=&#8221;4.27.0&#8243; _module_preset=&#8221;default&#8221; text_font=&#8221;Switzer Light||||||||&#8221; text_text_color=&#8221;#2C2C2C&#8221; text_font_size=&#8221;18px&#8221; header_3_font=&#8221;Eiko Light||||||||&#8221; header_3_text_color=&#8221;#056FEB&#8221; header_3_font_size=&#8221;24px&#8221; global_colors_info=&#8221;{}&#8221;]<\/p>\n<h3>Silmara Cristina Silva<\/h3>\n<p>Administrative<\/p>\n<p>[\/et_pb_text][\/et_pb_column][et_pb_column type=&#8221;1_4&#8243; module_class=&#8221;lightbox-trigger-tiago&#8221; _builder_version=&#8221;4.26.0&#8243; _module_preset=&#8221;default&#8221; global_colors_info=&#8221;{}&#8221;][et_pb_image src=&#8221;https:\/\/famarecapital.com\/eng\/wp-content\/uploads\/Tiago_web.png&#8221; title_text=&#8221;Tiago_web&#8221; _builder_version=&#8221;4.27.0&#8243; _module_preset=&#8221;default&#8221; global_colors_info=&#8221;{}&#8221;][\/et_pb_image][et_pb_text _builder_version=&#8221;4.27.0&#8243; _module_preset=&#8221;default&#8221; text_font=&#8221;Switzer Light||||||||&#8221; text_text_color=&#8221;#2C2C2C&#8221; text_font_size=&#8221;18px&#8221; header_3_font=&#8221;Eiko Light||||||||&#8221; header_3_text_color=&#8221;#056FEB&#8221; header_3_font_size=&#8221;24px&#8221; global_colors_info=&#8221;{}&#8221;]<\/p>\n<h3>Tiago Gomes<\/h3>\n<p><span style=\"font-weight: 400;\">Head of the LatAm Climate Turnaround Fund<\/span><\/p>\n<p>[\/et_pb_text][\/et_pb_column][et_pb_column type=&#8221;1_4&#8243; _builder_version=&#8221;4.26.0&#8243; _module_preset=&#8221;default&#8221; global_colors_info=&#8221;{}&#8221;][\/et_pb_column][et_pb_column type=&#8221;1_4&#8243; _builder_version=&#8221;4.26.0&#8243; _module_preset=&#8221;default&#8221; global_colors_info=&#8221;{}&#8221;][\/et_pb_column][\/et_pb_row][et_pb_row module_class=&#8221;lightbox-content-alan&#8221; _builder_version=&#8221;4.27.0&#8243; _module_preset=&#8221;default&#8221; width=&#8221;40%&#8221; width_tablet=&#8221;80%&#8221; width_phone=&#8221;80%&#8221; width_last_edited=&#8221;on|desktop&#8221; module_alignment=&#8221;center&#8221; custom_margin=&#8221;0px|0px|0px|0px|false|false&#8221; custom_padding=&#8221;0px|0px|0px|0px|false|false&#8221; collapsed=&#8221;on&#8221; global_colors_info=&#8221;{}&#8221;][et_pb_column type=&#8221;4_4&#8243; _builder_version=&#8221;4.26.0&#8243; _module_preset=&#8221;default&#8221; background_color=&#8221;#B2ECED&#8221; custom_padding=&#8221;35px|35px|35px|35px|false|false&#8221; global_colors_info=&#8221;{}&#8221;][et_pb_text _builder_version=&#8221;4.27.0&#8243; _module_preset=&#8221;default&#8221; text_font=&#8221;Switzer Light||||||||&#8221; text_text_color=&#8221;#2C2C2C&#8221; text_font_size=&#8221;18px&#8221; header_3_font=&#8221;Eiko Light||||||||&#8221; header_3_text_color=&#8221;#056FEB&#8221; header_3_font_size=&#8221;24px&#8221; background_color=&#8221;RGBA(255,255,255,0)&#8221; custom_margin=&#8221;||13px|||&#8221; global_colors_info=&#8221;{}&#8221;]<\/p>\n<p>Graduated in Computer Networks from Universidade Nove de Julho, with a postgraduate degree in Financial and Capital Markets from Universidade Presbiteriana Mackenzie, and currently pursuing a degree in Law at FMU. He began his career at Banco Santander in 2008, where he worked for 5 years in fund custody. He later served as a fund analyst at UJAY Capital, had a stint at Banco Safra, and returned to UJAY as the operational manager. He joined FAMA in September 2020. He holds a CPA-20 certification (Anbima).<\/p>\n<p>[\/et_pb_text][et_pb_social_media_follow _builder_version=&#8221;4.25.2&#8243; _module_preset=&#8221;default&#8221; background_color=&#8221;RGBA(255,255,255,0)&#8221; global_colors_info=&#8221;{}&#8221;][et_pb_social_media_follow_network social_network=&#8221;linkedin&#8221; url=&#8221;https:\/\/www.linkedin.com\/in\/alan-oliveira-ab27a836\/&#8221; icon_color=&#8221;#056FEB&#8221; use_icon_font_size=&#8221;on&#8221; icon_font_size=&#8221;18px&#8221; _builder_version=&#8221;4.25.2&#8243; _module_preset=&#8221;default&#8221; background_color=&#8221;RGBA(255,255,255,0)&#8221; background_enable_color=&#8221;on&#8221; custom_margin=&#8221;0px||||false|false&#8221; custom_padding=&#8221;0px|0px|0px|0px|false|false&#8221; global_colors_info=&#8221;{}&#8221; follow_button=&#8221;off&#8221; url_new_window=&#8221;on&#8221;]linkedin[\/et_pb_social_media_follow_network][\/et_pb_social_media_follow][\/et_pb_column][\/et_pb_row][et_pb_row module_class=&#8221;lightbox-content-amanda&#8221; _builder_version=&#8221;4.27.0&#8243; _module_preset=&#8221;default&#8221; width=&#8221;40%&#8221; width_tablet=&#8221;80%&#8221; width_phone=&#8221;80%&#8221; width_last_edited=&#8221;on|phone&#8221; module_alignment=&#8221;center&#8221; custom_margin=&#8221;0px|0px|0px|0px|false|false&#8221; custom_padding=&#8221;0px|0px|0px|0px|false|false&#8221; collapsed=&#8221;on&#8221; global_colors_info=&#8221;{}&#8221;][et_pb_column type=&#8221;4_4&#8243; _builder_version=&#8221;4.25.2&#8243; _module_preset=&#8221;default&#8221; background_color=&#8221;#B2ECED&#8221; custom_padding=&#8221;35px|35px|35px|35px|false|false&#8221; global_colors_info=&#8221;{}&#8221;][et_pb_text _builder_version=&#8221;4.27.0&#8243; _module_preset=&#8221;default&#8221; text_font=&#8221;Switzer Light||||||||&#8221; text_text_color=&#8221;#2C2C2C&#8221; text_font_size=&#8221;18px&#8221; header_3_font=&#8221;Eiko Light||||||||&#8221; header_3_text_color=&#8221;#056FEB&#8221; header_3_font_size=&#8221;24px&#8221; background_color=&#8221;RGBA(255,255,255,0)&#8221; custom_margin=&#8221;||13px|||&#8221; global_colors_info=&#8221;{}&#8221;]<\/p>\n<p>Graduated in Business Administration and Statistics from the University of North Carolina at Chapel Hill. She has a background in the banking sector, where she gained experience in retail operations and digital banking platforms, complementing her expertise with specialized technical consulting in commodity hedge strategies. She joined FAMA in 2023.<\/p>\n<p>[\/et_pb_text][et_pb_social_media_follow _builder_version=&#8221;4.25.2&#8243; _module_preset=&#8221;default&#8221; background_color=&#8221;RGBA(255,255,255,0)&#8221; global_colors_info=&#8221;{}&#8221;][et_pb_social_media_follow_network social_network=&#8221;linkedin&#8221; url=&#8221;https:\/\/www.linkedin.com\/in\/amandacwitzke\/&#8221; icon_color=&#8221;#056FEB&#8221; use_icon_font_size=&#8221;on&#8221; icon_font_size=&#8221;18px&#8221; _builder_version=&#8221;4.25.2&#8243; _module_preset=&#8221;default&#8221; background_color=&#8221;RGBA(255,255,255,0)&#8221; background_enable_color=&#8221;on&#8221; custom_margin=&#8221;0px||||false|false&#8221; custom_padding=&#8221;0px|0px|0px|0px|false|false&#8221; global_colors_info=&#8221;{}&#8221; follow_button=&#8221;off&#8221; url_new_window=&#8221;on&#8221;]linkedin[\/et_pb_social_media_follow_network][\/et_pb_social_media_follow][\/et_pb_column][\/et_pb_row][et_pb_row module_class=&#8221;lightbox-content-andre&#8221; _builder_version=&#8221;4.27.0&#8243; _module_preset=&#8221;default&#8221; width=&#8221;40%&#8221; width_tablet=&#8221;80%&#8221; width_phone=&#8221;80%&#8221; width_last_edited=&#8221;on|tablet&#8221; module_alignment=&#8221;center&#8221; custom_margin=&#8221;0px|0px|0px|0px|false|false&#8221; custom_padding=&#8221;0px|0px|0px|0px|false|false&#8221; collapsed=&#8221;on&#8221; global_colors_info=&#8221;{}&#8221;][et_pb_column type=&#8221;4_4&#8243; _builder_version=&#8221;4.25.2&#8243; _module_preset=&#8221;default&#8221; background_color=&#8221;#B2ECED&#8221; custom_padding=&#8221;35px|35px|35px|35px|false|false&#8221; global_colors_info=&#8221;{}&#8221;][et_pb_text _builder_version=&#8221;4.26.0&#8243; _module_preset=&#8221;default&#8221; text_font=&#8221;Switzer Light||||||||&#8221; text_text_color=&#8221;#2C2C2C&#8221; text_font_size=&#8221;18px&#8221; header_3_font=&#8221;Eiko Light||||||||&#8221; header_3_text_color=&#8221;#056FEB&#8221; header_3_font_size=&#8221;24px&#8221; background_color=&#8221;RGBA(255,255,255,0)&#8221; custom_margin=&#8221;||13px|||&#8221; global_colors_info=&#8221;{}&#8221;]<\/p>\n<p><span style=\"font-weight: 400;\">Formado em Engenharia El\u00e9trica pela Escola de Engenharia Mau\u00e1 e com MBA em Finan\u00e7as pelo IBMEC. Iniciou sua carreira profissional no Banco Alfa, sendo um dos respons\u00e1veis pelo desenvolvimento de novos produtos para o segmento de private banking. Juntou-se \u00e0 fama Investimentos em julho de 2002 para cuidar dos processos de informa\u00e7\u00e3o e tecnologia.<\/span><\/p>\n<p>[\/et_pb_text][et_pb_social_media_follow _builder_version=&#8221;4.25.2&#8243; _module_preset=&#8221;default&#8221; background_color=&#8221;RGBA(255,255,255,0)&#8221; global_colors_info=&#8221;{}&#8221;][et_pb_social_media_follow_network social_network=&#8221;linkedin&#8221; url=&#8221;https:\/\/www.linkedin.com\/in\/andre-lederman\/&#8221; icon_color=&#8221;#056FEB&#8221; use_icon_font_size=&#8221;on&#8221; icon_font_size=&#8221;18px&#8221; _builder_version=&#8221;4.25.2&#8243; _module_preset=&#8221;default&#8221; background_color=&#8221;RGBA(255,255,255,0)&#8221; background_enable_color=&#8221;on&#8221; custom_margin=&#8221;0px||||false|false&#8221; custom_padding=&#8221;0px|0px|0px|0px|false|false&#8221; global_colors_info=&#8221;{}&#8221; follow_button=&#8221;off&#8221; url_new_window=&#8221;on&#8221;]linkedin[\/et_pb_social_media_follow_network][\/et_pb_social_media_follow][\/et_pb_column][\/et_pb_row][et_pb_row module_class=&#8221;lightbox-content-carol&#8221; _builder_version=&#8221;4.27.0&#8243; _module_preset=&#8221;default&#8221; width=&#8221;40%&#8221; width_tablet=&#8221;80%&#8221; width_phone=&#8221;80%&#8221; width_last_edited=&#8221;on|tablet&#8221; module_alignment=&#8221;center&#8221; custom_margin=&#8221;0px|0px|0px|0px|false|false&#8221; custom_padding=&#8221;0px|0px|0px|0px|false|false&#8221; collapsed=&#8221;on&#8221; global_colors_info=&#8221;{}&#8221;][et_pb_column type=&#8221;4_4&#8243; _builder_version=&#8221;4.25.2&#8243; _module_preset=&#8221;default&#8221; background_color=&#8221;#B2ECED&#8221; custom_padding=&#8221;35px|35px|35px|35px|false|false&#8221; global_colors_info=&#8221;{}&#8221;][et_pb_text _builder_version=&#8221;4.27.0&#8243; _module_preset=&#8221;default&#8221; text_font=&#8221;Switzer Light||||||||&#8221; text_text_color=&#8221;#2C2C2C&#8221; text_font_size=&#8221;18px&#8221; header_3_font=&#8221;Eiko Light||||||||&#8221; header_3_text_color=&#8221;#056FEB&#8221; header_3_font_size=&#8221;24px&#8221; background_color=&#8221;RGBA(255,255,255,0)&#8221; custom_margin=&#8221;||13px|||&#8221; global_colors_info=&#8221;{}&#8221;]<\/p>\n<p>Lawyer specialized in environmental law, climate change, and carbon markets. Founder of LACLIMA (Latin American Climate Lawyers Initiative for Mobilizing Action), the first network of climate change lawyers in Latin America, consultant for the International Institute for Environment and Development (IIED), and legal advisor to the Least Developed Countries group in UNFCCC negotiations since 2013. She is a columnist for Brazilian newspapers Valor Investe and Reset. With over fifteen years of experience in law firms in Brazil, she led the Environment and Climate Change practice at Stocche Forbes Advogados for seven years. She holds a bachelor\u2019s degree in law from Universidade Federal do Rio Grande do Sul (UFRGS) and a master&#8217;s degree in Law from University College London (UCL).<\/p>\n<p>[\/et_pb_text][et_pb_social_media_follow _builder_version=&#8221;4.25.2&#8243; _module_preset=&#8221;default&#8221; background_color=&#8221;RGBA(255,255,255,0)&#8221; global_colors_info=&#8221;{}&#8221;][et_pb_social_media_follow_network social_network=&#8221;linkedin&#8221; url=&#8221;https:\/\/www.linkedin.com\/in\/carolineprolo\/&#8221; icon_color=&#8221;#056FEB&#8221; use_icon_font_size=&#8221;on&#8221; icon_font_size=&#8221;18px&#8221; _builder_version=&#8221;4.25.2&#8243; _module_preset=&#8221;default&#8221; background_color=&#8221;RGBA(255,255,255,0)&#8221; background_enable_color=&#8221;on&#8221; custom_margin=&#8221;0px||||false|false&#8221; custom_padding=&#8221;0px|0px|0px|0px|false|false&#8221; global_colors_info=&#8221;{}&#8221; follow_button=&#8221;off&#8221; url_new_window=&#8221;on&#8221;]linkedin[\/et_pb_social_media_follow_network][\/et_pb_social_media_follow][\/et_pb_column][\/et_pb_row][et_pb_row module_class=&#8221;lightbox-content-daniel&#8221; _builder_version=&#8221;4.27.0&#8243; _module_preset=&#8221;default&#8221; width=&#8221;40%&#8221; width_tablet=&#8221;80%&#8221; width_phone=&#8221;80%&#8221; width_last_edited=&#8221;on|phone&#8221; module_alignment=&#8221;center&#8221; custom_margin=&#8221;0px|0px|0px|0px|false|false&#8221; custom_padding=&#8221;0px|0px|0px|0px|false|false&#8221; collapsed=&#8221;on&#8221; global_colors_info=&#8221;{}&#8221;][et_pb_column type=&#8221;4_4&#8243; _builder_version=&#8221;4.25.2&#8243; _module_preset=&#8221;default&#8221; background_color=&#8221;#B2ECED&#8221; custom_padding=&#8221;35px|35px|35px|35px|false|false&#8221; global_colors_info=&#8221;{}&#8221;][et_pb_text _builder_version=&#8221;4.26.0&#8243; _module_preset=&#8221;default&#8221; text_font=&#8221;Switzer Light||||||||&#8221; text_text_color=&#8221;#2C2C2C&#8221; text_font_size=&#8221;18px&#8221; header_3_font=&#8221;Eiko Light||||||||&#8221; header_3_text_color=&#8221;#056FEB&#8221; header_3_font_size=&#8221;24px&#8221; background_color=&#8221;RGBA(255,255,255,0)&#8221; custom_margin=&#8221;||13px|||&#8221; global_colors_info=&#8221;{}&#8221;]<\/p>\n<p><span style=\"font-weight: 400;\">Formado em economia com mestrado em Geografia e Meio Ambiente, atualmente cursando doutorado na University of Texas at Austin. Possui mais de dez anos de experi\u00eancia trabalhando com pol\u00edticas p\u00fablicas e pesquisas nos biomas da Amaz\u00f4nia e do Cerrado; autor e coautor de relat\u00f3rios e artigos cient\u00edficos. Juntou-se \u00e0 fama em 2023.<\/span><\/p>\n<p>[\/et_pb_text][et_pb_social_media_follow _builder_version=&#8221;4.25.2&#8243; _module_preset=&#8221;default&#8221; background_color=&#8221;RGBA(255,255,255,0)&#8221; global_colors_info=&#8221;{}&#8221;][et_pb_social_media_follow_network social_network=&#8221;linkedin&#8221; url=&#8221;https:\/\/www.linkedin.com\/in\/silvadaniels\/&#8221; icon_color=&#8221;#056FEB&#8221; use_icon_font_size=&#8221;on&#8221; icon_font_size=&#8221;18px&#8221; _builder_version=&#8221;4.25.2&#8243; _module_preset=&#8221;default&#8221; background_color=&#8221;RGBA(255,255,255,0)&#8221; background_enable_color=&#8221;on&#8221; custom_margin=&#8221;0px||||false|false&#8221; custom_padding=&#8221;0px|0px|0px|0px|false|false&#8221; global_colors_info=&#8221;{}&#8221; follow_button=&#8221;off&#8221; url_new_window=&#8221;on&#8221;]linkedin[\/et_pb_social_media_follow_network][\/et_pb_social_media_follow][\/et_pb_column][\/et_pb_row][et_pb_row module_class=&#8221;lightbox-content-diana&#8221; _builder_version=&#8221;4.27.0&#8243; _module_preset=&#8221;default&#8221; width=&#8221;40%&#8221; width_tablet=&#8221;80%&#8221; width_phone=&#8221;80%&#8221; width_last_edited=&#8221;on|tablet&#8221; module_alignment=&#8221;center&#8221; custom_margin=&#8221;0px|0px|0px|0px|false|false&#8221; custom_padding=&#8221;0px|0px|0px|0px|false|false&#8221; collapsed=&#8221;on&#8221; global_colors_info=&#8221;{}&#8221;][et_pb_column type=&#8221;4_4&#8243; _builder_version=&#8221;4.25.2&#8243; _module_preset=&#8221;default&#8221; background_color=&#8221;#B2ECED&#8221; custom_padding=&#8221;35px|35px|35px|35px|false|false&#8221; global_colors_info=&#8221;{}&#8221;][et_pb_text _builder_version=&#8221;4.27.0&#8243; _module_preset=&#8221;default&#8221; text_font=&#8221;Switzer Light||||||||&#8221; text_text_color=&#8221;#2C2C2C&#8221; text_font_size=&#8221;18px&#8221; header_3_font=&#8221;Eiko Light||||||||&#8221; header_3_text_color=&#8221;#056FEB&#8221; header_3_font_size=&#8221;24px&#8221; background_color=&#8221;RGBA(255,255,255,0)&#8221; custom_margin=&#8221;||13px|||&#8221; global_colors_info=&#8221;{}&#8221;]<\/p>\n<p>Graduated in Business Administration from FGV-SP and holds a master\u2019s in finance from London Business School. She has twelve years of experience in the financial market with equity analysis, including the last four years at Eleven Financial covering the agriculture, food and beverages, and fuel distribution sectors. She has also worked at the family office Berkana, managing clients&#8217; equity portfolios, at Banco Brasil Plural as an equity research analyst, and at Stern Stewart as a financial consultant. She joined FAMA in 2023. She holds the CFA and CFA ESG certifications.<\/p>\n<p>[\/et_pb_text][et_pb_social_media_follow _builder_version=&#8221;4.25.2&#8243; _module_preset=&#8221;default&#8221; background_color=&#8221;RGBA(255,255,255,0)&#8221; global_colors_info=&#8221;{}&#8221;][et_pb_social_media_follow_network social_network=&#8221;linkedin&#8221; url=&#8221;https:\/\/www.linkedin.com\/in\/diana-stuhlberger-cfa-059b4a32\/&#8221; icon_color=&#8221;#056FEB&#8221; use_icon_font_size=&#8221;on&#8221; icon_font_size=&#8221;18px&#8221; _builder_version=&#8221;4.25.2&#8243; _module_preset=&#8221;default&#8221; background_color=&#8221;RGBA(255,255,255,0)&#8221; background_enable_color=&#8221;on&#8221; custom_margin=&#8221;0px||||false|false&#8221; custom_padding=&#8221;0px|0px|0px|0px|false|false&#8221; global_colors_info=&#8221;{}&#8221; follow_button=&#8221;off&#8221; url_new_window=&#8221;on&#8221;]linkedin[\/et_pb_social_media_follow_network][\/et_pb_social_media_follow][\/et_pb_column][\/et_pb_row][et_pb_row module_class=&#8221;lightbox-content-fabio&#8221; _builder_version=&#8221;4.27.0&#8243; _module_preset=&#8221;default&#8221; width=&#8221;40%&#8221; width_tablet=&#8221;80%&#8221; width_phone=&#8221;80%&#8221; width_last_edited=&#8221;on|phone&#8221; module_alignment=&#8221;center&#8221; custom_margin=&#8221;0px|0px|0px|0px|false|false&#8221; custom_padding=&#8221;0px|0px|0px|0px|false|false&#8221; collapsed=&#8221;on&#8221; global_colors_info=&#8221;{}&#8221;][et_pb_column type=&#8221;4_4&#8243; _builder_version=&#8221;4.25.2&#8243; _module_preset=&#8221;default&#8221; background_color=&#8221;#B2ECED&#8221; custom_padding=&#8221;35px|35px|35px|35px|false|false&#8221; global_colors_info=&#8221;{}&#8221;][et_pb_text _builder_version=&#8221;4.27.0&#8243; _module_preset=&#8221;default&#8221; text_font=&#8221;Switzer Light||||||||&#8221; text_text_color=&#8221;#2C2C2C&#8221; text_font_size=&#8221;18px&#8221; header_3_font=&#8221;Eiko Light||||||||&#8221; header_3_text_color=&#8221;#056FEB&#8221; header_3_font_size=&#8221;24px&#8221; background_color=&#8221;RGBA(255,255,255,0)&#8221; custom_margin=&#8221;||13px|||&#8221; global_colors_info=&#8221;{}&#8221;]<\/p>\n<p>Graduated in Business Administration from Funda\u00e7\u00e3o Get\u00falio Vargas (FGV-SP), with extension courses at the University of California (Berkeley) and Harvard Kennedy School. He began his career at Procter &amp; Gamble and founded fama in 1993, where he is responsible for managing the equity fund focused on Brazilian companies with social responsibility and adherence to good ESG practices. He has been a board member of various publicly traded companies. In the third sector, he is a director of Instituto FAMA, Instituto Brasil Israel, and Instituto Tot\u00f3s da Tet\u00e9, and serves on the boards of Museu Judaico, Instituto Ethos, Instituto LIFE, Capitalismo Consciente Brasil, and WWF Brasil. He holds the CFA and CFA ESG certifications.<\/p>\n<p>[\/et_pb_text][et_pb_social_media_follow _builder_version=&#8221;4.25.2&#8243; _module_preset=&#8221;default&#8221; background_color=&#8221;RGBA(255,255,255,0)&#8221; global_colors_info=&#8221;{}&#8221;][et_pb_social_media_follow_network social_network=&#8221;linkedin&#8221; url=&#8221;https:\/\/www.linkedin.com\/in\/fabio-alperowitch\/&#8221; icon_color=&#8221;#056FEB&#8221; use_icon_font_size=&#8221;on&#8221; icon_font_size=&#8221;18px&#8221; _builder_version=&#8221;4.25.2&#8243; _module_preset=&#8221;default&#8221; background_color=&#8221;RGBA(255,255,255,0)&#8221; background_enable_color=&#8221;on&#8221; custom_margin=&#8221;0px||||false|false&#8221; custom_padding=&#8221;0px|0px|0px|0px|false|false&#8221; global_colors_info=&#8221;{}&#8221; follow_button=&#8221;off&#8221; url_new_window=&#8221;on&#8221;]linkedin[\/et_pb_social_media_follow_network][\/et_pb_social_media_follow][\/et_pb_column][\/et_pb_row][et_pb_row module_class=&#8221;lightbox-content-paulo&#8221; _builder_version=&#8221;4.27.0&#8243; _module_preset=&#8221;default&#8221; width=&#8221;40%&#8221; width_tablet=&#8221;80%&#8221; width_phone=&#8221;80%&#8221; width_last_edited=&#8221;on|tablet&#8221; module_alignment=&#8221;center&#8221; custom_margin=&#8221;0px|0px|0px|0px|false|false&#8221; custom_padding=&#8221;0px|0px|0px|0px|false|false&#8221; collapsed=&#8221;on&#8221; global_colors_info=&#8221;{}&#8221;][et_pb_column type=&#8221;4_4&#8243; _builder_version=&#8221;4.25.2&#8243; _module_preset=&#8221;default&#8221; background_color=&#8221;#B2ECED&#8221; custom_padding=&#8221;35px|35px|35px|35px|false|false&#8221; global_colors_info=&#8221;{}&#8221;][et_pb_text _builder_version=&#8221;4.27.0&#8243; _module_preset=&#8221;default&#8221; text_font=&#8221;Switzer Light||||||||&#8221; text_text_color=&#8221;#2C2C2C&#8221; text_font_size=&#8221;18px&#8221; header_3_font=&#8221;Eiko Light||||||||&#8221; header_3_text_color=&#8221;#056FEB&#8221; header_3_font_size=&#8221;24px&#8221; background_color=&#8221;RGBA(255,255,255,0)&#8221; custom_margin=&#8221;||13px|||&#8221; global_colors_info=&#8221;{}&#8221;]<\/p>\n<p>Graduated with honors in Economics from Ibmec and holds an MBA from Funda\u00e7\u00e3o Get\u00falio Vargas. He started his career as a credit analyst at Inter Asset, later worked as an alternative assets analyst at Nau Capital, and served as an equity strategist at Ita\u00fa BBA, with a focus on fundamental analysis. He also holds the CGA and CNPI certifications. He joined FAMA in 2023.<\/p>\n<p>[\/et_pb_text][et_pb_social_media_follow _builder_version=&#8221;4.25.2&#8243; _module_preset=&#8221;default&#8221; background_color=&#8221;RGBA(255,255,255,0)&#8221; global_colors_info=&#8221;{}&#8221;][et_pb_social_media_follow_network social_network=&#8221;linkedin&#8221; icon_color=&#8221;#056FEB&#8221; use_icon_font_size=&#8221;on&#8221; icon_font_size=&#8221;18px&#8221; _builder_version=&#8221;4.25.2&#8243; _module_preset=&#8221;default&#8221; background_color=&#8221;RGBA(255,255,255,0)&#8221; background_enable_color=&#8221;on&#8221; custom_margin=&#8221;0px||||false|false&#8221; custom_padding=&#8221;0px|0px|0px|0px|false|false&#8221; global_colors_info=&#8221;{}&#8221; follow_button=&#8221;off&#8221; url_new_window=&#8221;on&#8221;]linkedin[\/et_pb_social_media_follow_network][\/et_pb_social_media_follow][\/et_pb_column][\/et_pb_row][et_pb_row module_class=&#8221;lightbox-content-jaqueline &#8221; _builder_version=&#8221;4.27.0&#8243; _module_preset=&#8221;default&#8221; width=&#8221;40%&#8221; width_tablet=&#8221;80%&#8221; width_phone=&#8221;80%&#8221; width_last_edited=&#8221;on|phone&#8221; module_alignment=&#8221;center&#8221; custom_margin=&#8221;0px|0px|0px|0px|false|false&#8221; custom_padding=&#8221;0px|0px|0px|0px|false|false&#8221; collapsed=&#8221;on&#8221; global_colors_info=&#8221;{}&#8221;][et_pb_column type=&#8221;4_4&#8243; _builder_version=&#8221;4.25.2&#8243; _module_preset=&#8221;default&#8221; background_color=&#8221;#B2ECED&#8221; custom_padding=&#8221;35px|35px|35px|35px|false|false&#8221; global_colors_info=&#8221;{}&#8221;][et_pb_text _builder_version=&#8221;4.27.0&#8243; _module_preset=&#8221;default&#8221; text_font=&#8221;Switzer Light||||||||&#8221; text_text_color=&#8221;#2C2C2C&#8221; text_font_size=&#8221;18px&#8221; header_3_font=&#8221;Eiko Light||||||||&#8221; header_3_text_color=&#8221;#056FEB&#8221; header_3_font_size=&#8221;24px&#8221; background_color=&#8221;RGBA(255,255,255,0)&#8221; custom_margin=&#8221;||13px|||&#8221; global_colors_info=&#8221;{}&#8221;]<\/p>\n<p>Graduated in International Relations from PUC-SP and holds a postgraduate degree in Sustainability and Environmental Management from FGV-SP. She has a professional background in consulting, with a focus on financial institutions and projects related to ESG risk integration and analysis, as well as communication.<\/p>\n<p>[\/et_pb_text][et_pb_social_media_follow _builder_version=&#8221;4.25.2&#8243; _module_preset=&#8221;default&#8221; background_color=&#8221;RGBA(255,255,255,0)&#8221; global_colors_info=&#8221;{}&#8221;][et_pb_social_media_follow_network social_network=&#8221;linkedin&#8221; url=&#8221;https:\/\/www.linkedin.com\/in\/jaqueline-azar-apter-89ba1b163\/&#8221; icon_color=&#8221;#056FEB&#8221; use_icon_font_size=&#8221;on&#8221; icon_font_size=&#8221;18px&#8221; _builder_version=&#8221;4.25.2&#8243; _module_preset=&#8221;default&#8221; background_color=&#8221;RGBA(255,255,255,0)&#8221; background_enable_color=&#8221;on&#8221; custom_margin=&#8221;0px||||false|false&#8221; custom_padding=&#8221;0px|0px|0px|0px|false|false&#8221; global_colors_info=&#8221;{}&#8221; follow_button=&#8221;off&#8221; url_new_window=&#8221;on&#8221;]linkedin[\/et_pb_social_media_follow_network][\/et_pb_social_media_follow][\/et_pb_column][\/et_pb_row][et_pb_row module_class=&#8221;lightbox-content-lauravehanen&#8221; _builder_version=&#8221;4.27.0&#8243; _module_preset=&#8221;default&#8221; width=&#8221;40%&#8221; width_tablet=&#8221;80%&#8221; width_phone=&#8221;80%&#8221; width_last_edited=&#8221;on|tablet&#8221; module_alignment=&#8221;center&#8221; custom_margin=&#8221;0px|0px|0px|0px|false|false&#8221; custom_padding=&#8221;0px|0px|0px|0px|false|false&#8221; collapsed=&#8221;on&#8221; global_colors_info=&#8221;{}&#8221;][et_pb_column type=&#8221;4_4&#8243; _builder_version=&#8221;4.25.2&#8243; _module_preset=&#8221;default&#8221; background_color=&#8221;#B2ECED&#8221; custom_padding=&#8221;35px|35px|35px|35px|false|false&#8221; global_colors_info=&#8221;{}&#8221;][et_pb_text _builder_version=&#8221;4.27.0&#8243; _module_preset=&#8221;default&#8221; text_font=&#8221;Switzer Light||||||||&#8221; text_text_color=&#8221;#2C2C2C&#8221; text_font_size=&#8221;18px&#8221; header_3_font=&#8221;Eiko Light||||||||&#8221; header_3_text_color=&#8221;#056FEB&#8221; header_3_font_size=&#8221;24px&#8221; background_color=&#8221;RGBA(255,255,255,0)&#8221; custom_margin=&#8221;||13px|||&#8221; global_colors_info=&#8221;{}&#8221;]<\/p>\n<p>Graduated in Economics from Insper. She began her career in independent equity funds in S\u00e3o Paulo, first as a long-term trends analyst at VELT Partners and later as an ESG analyst at Indie Capital. After this period, she co-founded a startup focused on climate change in the UK. She holds the CFA ESG certification.<\/p>\n<p>[\/et_pb_text][et_pb_social_media_follow _builder_version=&#8221;4.27.0&#8243; _module_preset=&#8221;default&#8221; background_color=&#8221;RGBA(255,255,255,0)&#8221; locked=&#8221;off&#8221; global_colors_info=&#8221;{}&#8221;][et_pb_social_media_follow_network social_network=&#8221;linkedin&#8221; url=&#8221;https:\/\/www.linkedin.com\/in\/lauravehanen\/%20&#8243; icon_color=&#8221;#056FEB&#8221; use_icon_font_size=&#8221;on&#8221; icon_font_size=&#8221;18px&#8221; _builder_version=&#8221;4.27.0&#8243; _module_preset=&#8221;default&#8221; background_color=&#8221;RGBA(255,255,255,0)&#8221; background_enable_color=&#8221;on&#8221; custom_margin=&#8221;0px||||false|false&#8221; custom_padding=&#8221;0px|0px|0px|0px|false|false&#8221; global_colors_info=&#8221;{}&#8221; follow_button=&#8221;off&#8221; url_new_window=&#8221;on&#8221;]linkedin[\/et_pb_social_media_follow_network][\/et_pb_social_media_follow][\/et_pb_column][\/et_pb_row][et_pb_row module_class=&#8221;lightbox-content-lucia&#8221; _builder_version=&#8221;4.27.0&#8243; _module_preset=&#8221;default&#8221; width=&#8221;40%&#8221; width_tablet=&#8221;80%&#8221; width_phone=&#8221;80%&#8221; width_last_edited=&#8221;on|phone&#8221; module_alignment=&#8221;center&#8221; custom_margin=&#8221;0px|0px|0px|0px|false|false&#8221; custom_padding=&#8221;0px|0px|0px|0px|false|false&#8221; collapsed=&#8221;on&#8221; global_colors_info=&#8221;{}&#8221;][et_pb_column type=&#8221;4_4&#8243; _builder_version=&#8221;4.25.2&#8243; _module_preset=&#8221;default&#8221; background_color=&#8221;#B2ECED&#8221; custom_padding=&#8221;35px|35px|35px|35px|false|false&#8221; global_colors_info=&#8221;{}&#8221;][et_pb_text _builder_version=&#8221;4.27.0&#8243; _module_preset=&#8221;default&#8221; text_font=&#8221;Switzer Light||||||||&#8221; text_text_color=&#8221;#2C2C2C&#8221; text_font_size=&#8221;18px&#8221; header_3_font=&#8221;Eiko Light||||||||&#8221; header_3_text_color=&#8221;#056FEB&#8221; header_3_font_size=&#8221;24px&#8221; background_color=&#8221;RGBA(255,255,255,0)&#8221; custom_margin=&#8221;||13px|||&#8221; global_colors_info=&#8221;{}&#8221;]<\/p>\n<p>Graduated in Business Administration from FMU \u2013 Faculdades Metropolitanas Unidas. She began her career at fama investimentos in August 1996, in the administrative area. She worked in backoffice, commercial roles, and moved to the operations area in 2006. She holds the CPA-20 certification (Anbima).<\/p>\n<p>[\/et_pb_text][et_pb_social_media_follow _builder_version=&#8221;4.25.2&#8243; _module_preset=&#8221;default&#8221; background_color=&#8221;RGBA(255,255,255,0)&#8221; global_colors_info=&#8221;{}&#8221;][et_pb_social_media_follow_network social_network=&#8221;linkedin&#8221; icon_color=&#8221;#056FEB&#8221; use_icon_font_size=&#8221;on&#8221; icon_font_size=&#8221;18px&#8221; _builder_version=&#8221;4.25.2&#8243; _module_preset=&#8221;default&#8221; background_color=&#8221;RGBA(255,255,255,0)&#8221; background_enable_color=&#8221;on&#8221; custom_margin=&#8221;0px||||false|false&#8221; custom_padding=&#8221;0px|0px|0px|0px|false|false&#8221; global_colors_info=&#8221;{}&#8221; follow_button=&#8221;off&#8221; url_new_window=&#8221;on&#8221;]linkedin[\/et_pb_social_media_follow_network][\/et_pb_social_media_follow][\/et_pb_column][\/et_pb_row][et_pb_row module_class=&#8221;lightbox-content-mauricio&#8221; _builder_version=&#8221;4.27.0&#8243; _module_preset=&#8221;default&#8221; width=&#8221;40%&#8221; width_tablet=&#8221;80%&#8221; width_phone=&#8221;80%&#8221; width_last_edited=&#8221;on|tablet&#8221; module_alignment=&#8221;center&#8221; custom_margin=&#8221;0px|0px|0px|0px|false|false&#8221; custom_padding=&#8221;0px|0px|0px|0px|false|false&#8221; collapsed=&#8221;on&#8221; global_colors_info=&#8221;{}&#8221;][et_pb_column type=&#8221;4_4&#8243; _builder_version=&#8221;4.25.2&#8243; _module_preset=&#8221;default&#8221; background_color=&#8221;#B2ECED&#8221; custom_padding=&#8221;35px|35px|35px|35px|false|false&#8221; global_colors_info=&#8221;{}&#8221;][et_pb_text _builder_version=&#8221;4.26.0&#8243; _module_preset=&#8221;default&#8221; text_font=&#8221;Switzer Light||||||||&#8221; text_text_color=&#8221;#2C2C2C&#8221; text_font_size=&#8221;18px&#8221; header_3_font=&#8221;Eiko Light||||||||&#8221; header_3_text_color=&#8221;#056FEB&#8221; header_3_font_size=&#8221;24px&#8221; background_color=&#8221;RGBA(255,255,255,0)&#8221; custom_margin=&#8221;||13px|||&#8221; global_colors_info=&#8221;{}&#8221;]<\/p>\n<p><span style=\"font-weight: 400;\">Formado em Comercio Exterior pela Universidade Anhanguera Educacional. Iniciou sua carreira na FAMA Investimentos em 1999 atuando como Auxiliar Administrativo. Teve uma breve passagem pela \u00e1rea comercial e, em 2001, juntou-se a \u00e1rea de opera\u00e7\u00f5es.<\/span><\/p>\n<p>[\/et_pb_text][et_pb_social_media_follow _builder_version=&#8221;4.26.0&#8243; _module_preset=&#8221;default&#8221; background_color=&#8221;RGBA(255,255,255,0)&#8221; global_colors_info=&#8221;{}&#8221;][et_pb_social_media_follow_network social_network=&#8221;linkedin&#8221; url=&#8221;https:\/\/www.linkedin.com\/in\/mauricio-camargo-biazon-da-cruz-35b24816a\/&#8221; icon_color=&#8221;#056FEB&#8221; use_icon_font_size=&#8221;on&#8221; icon_font_size=&#8221;18px&#8221; _builder_version=&#8221;4.26.0&#8243; _module_preset=&#8221;default&#8221; background_color=&#8221;RGBA(255,255,255,0)&#8221; background_enable_color=&#8221;on&#8221; custom_margin=&#8221;0px||||false|false&#8221; custom_padding=&#8221;0px|0px|0px|0px|false|false&#8221; global_colors_info=&#8221;{}&#8221; follow_button=&#8221;off&#8221; url_new_window=&#8221;on&#8221;]linkedin[\/et_pb_social_media_follow_network][\/et_pb_social_media_follow][\/et_pb_column][\/et_pb_row][et_pb_row module_class=&#8221;lightbox-content-pedro&#8221; _builder_version=&#8221;4.27.0&#8243; _module_preset=&#8221;default&#8221; width=&#8221;40%&#8221; width_tablet=&#8221;80%&#8221; width_phone=&#8221;80%&#8221; width_last_edited=&#8221;on|phone&#8221; module_alignment=&#8221;center&#8221; custom_margin=&#8221;0px|0px|0px|0px|false|false&#8221; custom_padding=&#8221;0px|0px|0px|0px|false|false&#8221; collapsed=&#8221;on&#8221; global_colors_info=&#8221;{}&#8221;][et_pb_column type=&#8221;4_4&#8243; _builder_version=&#8221;4.25.2&#8243; _module_preset=&#8221;default&#8221; background_color=&#8221;#B2ECED&#8221; custom_padding=&#8221;35px|35px|35px|35px|false|false&#8221; global_colors_info=&#8221;{}&#8221;][et_pb_text _builder_version=&#8221;4.27.0&#8243; _module_preset=&#8221;default&#8221; text_font=&#8221;Switzer Light||||||||&#8221; text_text_color=&#8221;#2C2C2C&#8221; text_font_size=&#8221;18px&#8221; header_3_font=&#8221;Eiko Light||||||||&#8221; header_3_text_color=&#8221;#056FEB&#8221; header_3_font_size=&#8221;24px&#8221; background_color=&#8221;RGBA(255,255,255,0)&#8221; custom_margin=&#8221;||13px|||&#8221; global_colors_info=&#8221;{}&#8221;]<\/p>\n<p>Graduated in Materials Engineering from Escola Polit\u00e9cnica at Universidade de S\u00e3o Paulo (USP) and holds a master&#8217;s degree in Physics from Institut de Technologie de Grenoble in France. He has a diverse professional background with experience in M&amp;A, startups, and research. He has developed solid expertise in project management, financial analysis, and partnership strategy across various geographic contexts, including Latin America, Australia, France, and Switzerland. His extensive leadership is particularly notable in the renewable energy sector, where he managed large-scale projects, implementing sustainable practices and promoting corporate responsibility aligned with best ESG practices. Currently, he serves as a Climate Investment Advisor at fama re.capital, playing a crucial role in the quantitative analysis of the fund, evaluating the financial and environmental indicators of companies for potential investments. His work is essential in integrating ethical and environmental considerations into the fund&#8217;s investment strategies, reinforcing its commitment to sustainability and corporate social responsibility.<\/p>\n<p>[\/et_pb_text][et_pb_social_media_follow _builder_version=&#8221;4.25.2&#8243; _module_preset=&#8221;default&#8221; background_color=&#8221;RGBA(255,255,255,0)&#8221; global_colors_info=&#8221;{}&#8221;][et_pb_social_media_follow_network social_network=&#8221;linkedin&#8221; url=&#8221;https:\/\/www.linkedin.com\/in\/pedro-costa-braga\/&#8221; icon_color=&#8221;#056FEB&#8221; use_icon_font_size=&#8221;on&#8221; icon_font_size=&#8221;18px&#8221; _builder_version=&#8221;4.25.2&#8243; _module_preset=&#8221;default&#8221; background_color=&#8221;RGBA(255,255,255,0)&#8221; background_enable_color=&#8221;on&#8221; custom_margin=&#8221;0px||||false|false&#8221; custom_padding=&#8221;0px|0px|0px|0px|false|false&#8221; global_colors_info=&#8221;{}&#8221; follow_button=&#8221;off&#8221; url_new_window=&#8221;on&#8221;]linkedin[\/et_pb_social_media_follow_network][\/et_pb_social_media_follow][\/et_pb_column][\/et_pb_row][et_pb_row module_class=&#8221;lightbox-content-silmara&#8221; _builder_version=&#8221;4.27.0&#8243; _module_preset=&#8221;default&#8221; width=&#8221;40%&#8221; width_tablet=&#8221;80%&#8221; width_phone=&#8221;80%&#8221; width_last_edited=&#8221;on|phone&#8221; module_alignment=&#8221;center&#8221; custom_margin=&#8221;0px|0px|0px|0px|false|false&#8221; custom_padding=&#8221;0px|0px|0px|0px|false|false&#8221; collapsed=&#8221;on&#8221; global_colors_info=&#8221;{}&#8221;][et_pb_column type=&#8221;4_4&#8243; _builder_version=&#8221;4.25.2&#8243; _module_preset=&#8221;default&#8221; background_color=&#8221;#B2ECED&#8221; custom_padding=&#8221;35px|35px|35px|35px|false|false&#8221; global_colors_info=&#8221;{}&#8221;][et_pb_text _builder_version=&#8221;4.27.0&#8243; _module_preset=&#8221;default&#8221; text_font=&#8221;Switzer Light||||||||&#8221; text_text_color=&#8221;#2C2C2C&#8221; text_font_size=&#8221;18px&#8221; header_3_font=&#8221;Eiko Light||||||||&#8221; header_3_text_color=&#8221;#056FEB&#8221; header_3_font_size=&#8221;24px&#8221; background_color=&#8221;RGBA(255,255,255,0)&#8221; custom_margin=&#8221;||13px|||&#8221; global_colors_info=&#8221;{}&#8221;]<\/p>\n<p>Graduated in Business Administration from Faculdade Or\u00edgenes Lessa in Len\u00e7\u00f3is Paulista\/SP and is currently pursuing a degree in Law at Universidade Anhembi Morumbi. She began her career at Grupo Lwart in 1998, working in administrative, commercial, and executive secretarial roles until 2009, when she joined fama as an executive assistant.<\/p>\n<p>[\/et_pb_text][et_pb_social_media_follow _builder_version=&#8221;4.25.2&#8243; _module_preset=&#8221;default&#8221; background_color=&#8221;RGBA(255,255,255,0)&#8221; global_colors_info=&#8221;{}&#8221;][et_pb_social_media_follow_network social_network=&#8221;linkedin&#8221; icon_color=&#8221;#056FEB&#8221; use_icon_font_size=&#8221;on&#8221; icon_font_size=&#8221;18px&#8221; _builder_version=&#8221;4.25.2&#8243; _module_preset=&#8221;default&#8221; background_color=&#8221;RGBA(255,255,255,0)&#8221; background_enable_color=&#8221;on&#8221; custom_margin=&#8221;0px||||false|false&#8221; custom_padding=&#8221;0px|0px|0px|0px|false|false&#8221; global_colors_info=&#8221;{}&#8221; follow_button=&#8221;off&#8221; url_new_window=&#8221;on&#8221;]linkedin[\/et_pb_social_media_follow_network][\/et_pb_social_media_follow][\/et_pb_column][\/et_pb_row][et_pb_row module_class=&#8221;lightbox-content-tiago&#8221; _builder_version=&#8221;4.27.0&#8243; _module_preset=&#8221;default&#8221; width=&#8221;40%&#8221; width_tablet=&#8221;80%&#8221; width_phone=&#8221;80%&#8221; width_last_edited=&#8221;on|tablet&#8221; module_alignment=&#8221;center&#8221; custom_margin=&#8221;0px|0px|0px|0px|false|false&#8221; custom_padding=&#8221;0px|0px|0px|0px|false|false&#8221; collapsed=&#8221;on&#8221; global_colors_info=&#8221;{}&#8221;][et_pb_column type=&#8221;4_4&#8243; _builder_version=&#8221;4.25.2&#8243; _module_preset=&#8221;default&#8221; background_color=&#8221;#B2ECED&#8221; custom_padding=&#8221;35px|35px|35px|35px|false|false&#8221; global_colors_info=&#8221;{}&#8221;][et_pb_text _builder_version=&#8221;4.27.0&#8243; _module_preset=&#8221;default&#8221; text_font=&#8221;Switzer Light||||||||&#8221; text_text_color=&#8221;#2C2C2C&#8221; text_font_size=&#8221;18px&#8221; header_3_font=&#8221;Eiko Light||||||||&#8221; header_3_text_color=&#8221;#056FEB&#8221; header_3_font_size=&#8221;24px&#8221; background_color=&#8221;RGBA(255,255,255,0)&#8221; custom_margin=&#8221;||13px|||&#8221; global_colors_info=&#8221;{}&#8221;]<\/p>\n<p>Graduated in Business Administration from Funda\u00e7\u00e3o Get\u00falio Vargas (FGV-SP), with an MBA from the University of Chicago \u2013 Booth School of Business and an extension course at Harvard Kennedy School. He began his career in mergers and acquisitions, working for a decade at institutions such as Santander, Credit Suisse, and Indosuez. He later managed and analyzed equities\/special situations at FRAM Capital and Stark Investments. From 2011 to 2014, he was a co-manager of the equities area at Kinea Investimentos. He is a co-author of the book <em>Valuation: Guia Fundamental<\/em> (Ed. Atlas, 2014). He joined fama investimentos in March 2015. He holds the CFA ESG certification.<\/p>\n<p>[\/et_pb_text][et_pb_social_media_follow _builder_version=&#8221;4.25.2&#8243; _module_preset=&#8221;default&#8221; background_color=&#8221;RGBA(255,255,255,0)&#8221; global_colors_info=&#8221;{}&#8221;][et_pb_social_media_follow_network social_network=&#8221;linkedin&#8221; url=&#8221;https:\/\/www.linkedin.com\/in\/tiago-gomes-401ba011\/&#8221; icon_color=&#8221;#056FEB&#8221; use_icon_font_size=&#8221;on&#8221; icon_font_size=&#8221;18px&#8221; _builder_version=&#8221;4.25.2&#8243; _module_preset=&#8221;default&#8221; background_color=&#8221;RGBA(255,255,255,0)&#8221; background_enable_color=&#8221;on&#8221; custom_margin=&#8221;0px||||false|false&#8221; custom_padding=&#8221;0px|0px|0px|0px|false|false&#8221; global_colors_info=&#8221;{}&#8221; follow_button=&#8221;off&#8221; url_new_window=&#8221;on&#8221;]linkedin[\/et_pb_social_media_follow_network][\/et_pb_social_media_follow][\/et_pb_column][\/et_pb_row][et_pb_row module_class=&#8221;lightbox-content-lauravelez&#8221; _builder_version=&#8221;4.27.0&#8243; _module_preset=&#8221;default&#8221; width=&#8221;40%&#8221; width_tablet=&#8221;80%&#8221; width_phone=&#8221;80%&#8221; width_last_edited=&#8221;on|phone&#8221; module_alignment=&#8221;center&#8221; custom_margin=&#8221;0px|0px|0px|0px|false|false&#8221; custom_padding=&#8221;0px|0px|0px|0px|false|false&#8221; collapsed=&#8221;on&#8221; global_colors_info=&#8221;{}&#8221;][et_pb_column type=&#8221;4_4&#8243; _builder_version=&#8221;4.25.2&#8243; _module_preset=&#8221;default&#8221; background_color=&#8221;#B2ECED&#8221; custom_padding=&#8221;35px|35px|35px|35px|false|false&#8221; global_colors_info=&#8221;{}&#8221;][et_pb_text _builder_version=&#8221;4.27.0&#8243; _module_preset=&#8221;default&#8221; text_font=&#8221;Switzer Light||||||||&#8221; text_text_color=&#8221;#2C2C2C&#8221; text_font_size=&#8221;18px&#8221; header_3_font=&#8221;Eiko Light||||||||&#8221; header_3_text_color=&#8221;#056FEB&#8221; header_3_font_size=&#8221;24px&#8221; background_color=&#8221;RGBA(255,255,255,0)&#8221; custom_margin=&#8221;||13px|||&#8221; global_colors_info=&#8221;{}&#8221;]<\/p>\n<p>Graduated in Administrative Engineering from Universidad Nacional de Colombia and holds a Master&#8217;s in Corporate Sustainability and Environmental Management from the University of York. She began her professional career as a trainee at Banco Santander in the University Relations department and later as a project manager in the Payment Systems area at Bancolombia. Before specializing in sustainability, she worked at LATAM in the Strategic Network department, focusing on strategic, financial, and operational planning for the Brazilian air network. She joined fama investimentos in June 2020 to lead the ESG agenda for the firm. She holds the CFA ESG certification.<\/p>\n<p>[\/et_pb_text][et_pb_social_media_follow _builder_version=&#8221;4.26.0&#8243; _module_preset=&#8221;default&#8221; background_color=&#8221;RGBA(255,255,255,0)&#8221; global_colors_info=&#8221;{}&#8221;][et_pb_social_media_follow_network social_network=&#8221;linkedin&#8221; url=&#8221;https:\/\/www.linkedin.com\/in\/lauravelezg\/&#8221; icon_color=&#8221;#056FEB&#8221; use_icon_font_size=&#8221;on&#8221; icon_font_size=&#8221;18px&#8221; _builder_version=&#8221;4.26.0&#8243; _module_preset=&#8221;default&#8221; background_color=&#8221;RGBA(255,255,255,0)&#8221; background_enable_color=&#8221;on&#8221; custom_margin=&#8221;0px||||false|false&#8221; custom_padding=&#8221;0px|0px|0px|0px|false|false&#8221; global_colors_info=&#8221;{}&#8221; follow_button=&#8221;off&#8221; url_new_window=&#8221;on&#8221;]linkedin[\/et_pb_social_media_follow_network][\/et_pb_social_media_follow][\/et_pb_column][\/et_pb_row][et_pb_row module_class=&#8221;lightbox-content-michael&#8221; _builder_version=&#8221;4.27.0&#8243; _module_preset=&#8221;default&#8221; width=&#8221;40%&#8221; width_tablet=&#8221;80%&#8221; width_phone=&#8221;80%&#8221; width_last_edited=&#8221;on|tablet&#8221; module_alignment=&#8221;center&#8221; custom_margin=&#8221;0px|0px|0px|0px|false|false&#8221; custom_padding=&#8221;0px|0px|0px|0px|false|false&#8221; collapsed=&#8221;on&#8221; global_colors_info=&#8221;{}&#8221;][et_pb_column type=&#8221;4_4&#8243; _builder_version=&#8221;4.25.2&#8243; _module_preset=&#8221;default&#8221; background_color=&#8221;#B2ECED&#8221; custom_padding=&#8221;35px|35px|35px|35px|false|false&#8221; global_colors_info=&#8221;{}&#8221;][et_pb_text _builder_version=&#8221;4.27.0&#8243; _module_preset=&#8221;default&#8221; text_font=&#8221;Switzer Light||||||||&#8221; text_text_color=&#8221;#2C2C2C&#8221; text_font_size=&#8221;18px&#8221; header_3_font=&#8221;Eiko Light||||||||&#8221; header_3_text_color=&#8221;#056FEB&#8221; header_3_font_size=&#8221;24px&#8221; background_color=&#8221;RGBA(255,255,255,0)&#8221; custom_margin=&#8221;||13px|||&#8221; global_colors_info=&#8221;{}&#8221;]<\/p>\n<p>Graduated in Business Administration from Funda\u00e7\u00e3o Get\u00falio Vargas (FGV-SP), with an MBA from the University of Chicago \u2013 Booth School of Business and an extension course at Harvard Kennedy School. He began his career in mergers and acquisitions, working for a decade at institutions such as Santander, Credit Suisse, and Indosuez. He later managed and analyzed equities\/special situations at FRAM Capital and Stark Investments. From 2011 to 2014, he was a co-manager of the equities area at Kinea Investimentos. He is a co-author of the book <em>Valuation: Guia Fundamental<\/em> (Ed. Atlas, 2014). He joined fama investimentos in March 2015. He holds the CFA ESG certification.<\/p>\n<p>[\/et_pb_text][et_pb_social_media_follow _builder_version=&#8221;4.26.0&#8243; _module_preset=&#8221;default&#8221; background_color=&#8221;RGBA(255,255,255,0)&#8221; global_colors_info=&#8221;{}&#8221;][et_pb_social_media_follow_network social_network=&#8221;linkedin&#8221; url=&#8221;https:\/\/www.linkedin.com\/in\/michael-wickert-6b3147\/&#8221; icon_color=&#8221;#056FEB&#8221; use_icon_font_size=&#8221;on&#8221; icon_font_size=&#8221;18px&#8221; _builder_version=&#8221;4.26.0&#8243; _module_preset=&#8221;default&#8221; background_color=&#8221;RGBA(255,255,255,0)&#8221; background_enable_color=&#8221;on&#8221; custom_margin=&#8221;0px||||false|false&#8221; custom_padding=&#8221;0px|0px|0px|0px|false|false&#8221; global_colors_info=&#8221;{}&#8221; follow_button=&#8221;off&#8221; url_new_window=&#8221;on&#8221;]linkedin[\/et_pb_social_media_follow_network][\/et_pb_social_media_follow][\/et_pb_column][\/et_pb_row][et_pb_row module_class=&#8221;lightbox-content-andrea&#8221; _builder_version=&#8221;4.27.0&#8243; _module_preset=&#8221;default&#8221; width=&#8221;40%&#8221; width_tablet=&#8221;80%&#8221; width_phone=&#8221;80%&#8221; width_last_edited=&#8221;on|phone&#8221; module_alignment=&#8221;center&#8221; custom_margin=&#8221;0px|0px|0px|0px|false|false&#8221; custom_padding=&#8221;0px|0px|0px|0px|false|false&#8221; global_colors_info=&#8221;{}&#8221;][et_pb_column type=&#8221;4_4&#8243; _builder_version=&#8221;4.25.2&#8243; _module_preset=&#8221;default&#8221; background_color=&#8221;#B2ECED&#8221; custom_padding=&#8221;35px|35px|35px|35px|false|false&#8221; global_colors_info=&#8221;{}&#8221;][et_pb_text _builder_version=&#8221;4.27.0&#8243; _module_preset=&#8221;default&#8221; text_font=&#8221;Switzer Light||||||||&#8221; text_text_color=&#8221;#2C2C2C&#8221; text_font_size=&#8221;18px&#8221; header_3_font=&#8221;Eiko Light||||||||&#8221; header_3_text_color=&#8221;#056FEB&#8221; header_3_font_size=&#8221;24px&#8221; background_color=&#8221;RGBA(255,255,255,0)&#8221; custom_margin=&#8221;||13px|||&#8221; global_colors_info=&#8221;{}&#8221;]<\/p>\n<p>Andrea joined fama re.capital in 2024 to lead the Fama Gaia Sociobioeconomia FIDC fund. She has 30 years of professional experience, including 27 years in consumer goods companies such as Natura, PepsiCo, and P&amp;G. In the past 7 years, she served as Global Vice President of Brand, Innovation, and Sustainability at Natura, overseeing operations outside Latin America. She also held the positions of General Director of Snacks and President of PepsiCo\u2019s Beverage Operations in Brazil. Andrea has served on various boards, including the World Business Council for Sustainable Development and Instituto Ethos, and has received multiple accolades for sustainable leadership. She is currently the Chair of the Advisory Board of Instituto Ethos and serves on the boards of organizations such as the Cradle to Cradle Innovation Institute and Globescan. A graduate in Business Administration from EAESP-FGV, Andrea is a partner at Casa do Saber and the founder of Camomila, which focuses on the development of regenerative systems.<\/p>\n<p>[\/et_pb_text][et_pb_social_media_follow _builder_version=&#8221;4.27.0&#8243; _module_preset=&#8221;default&#8221; background_color=&#8221;RGBA(255,255,255,0)&#8221; locked=&#8221;off&#8221; global_colors_info=&#8221;{}&#8221;][et_pb_social_media_follow_network social_network=&#8221;linkedin&#8221; url=&#8221;https:\/\/www.linkedin.com\/in\/andrea-alvares-ab1b7\/&#8221; icon_color=&#8221;#056FEB&#8221; use_icon_font_size=&#8221;on&#8221; icon_font_size=&#8221;18px&#8221; _builder_version=&#8221;4.27.0&#8243; _module_preset=&#8221;default&#8221; background_color=&#8221;RGBA(255,255,255,0)&#8221; background_enable_color=&#8221;on&#8221; custom_margin=&#8221;0px||||false|false&#8221; custom_padding=&#8221;0px|0px|0px|0px|false|false&#8221; global_colors_info=&#8221;{}&#8221; follow_button=&#8221;off&#8221; url_new_window=&#8221;on&#8221;]linkedin[\/et_pb_social_media_follow_network][\/et_pb_social_media_follow][\/et_pb_column][\/et_pb_row][\/et_pb_section][et_pb_section fb_built=&#8221;1&#8243; custom_padding_last_edited=&#8221;on|tablet&#8221; module_id=&#8221;saiba_mais&#8221; _builder_version=&#8221;4.25.2&#8243; _module_preset=&#8221;default&#8221; background_color=&#8221;#FFFFFF&#8221; background_enable_image=&#8221;off&#8221; parallax=&#8221;on&#8221; custom_padding=&#8221;100px||100px||false|false&#8221; custom_padding_tablet=&#8221;100px||100px||false|false&#8221; custom_padding_phone=&#8221;50px||75px||false|false&#8221; animation_style=&#8221;fade&#8221; animation_duration=&#8221;1200ms&#8221; background_last_edited=&#8221;on|tablet&#8221; background_enable_image_tablet=&#8221;off&#8221; background_size_tablet=&#8221;contain&#8221; background_position_tablet=&#8221;top_left&#8221; locked=&#8221;off&#8221; global_colors_info=&#8221;{}&#8221;][et_pb_row use_custom_gutter=&#8221;on&#8221; gutter_width=&#8221;2&#8243; make_equal=&#8221;on&#8221; _builder_version=&#8221;4.26.0&#8243; _module_preset=&#8221;default&#8221; width_tablet=&#8221;80%&#8221; width_phone=&#8221;80%&#8221; width_last_edited=&#8221;on|tablet&#8221; custom_padding=&#8221;0px||55px||false|false&#8221; global_colors_info=&#8221;{}&#8221;][et_pb_column type=&#8221;4_4&#8243; _builder_version=&#8221;4.22.1&#8243; _module_preset=&#8221;default&#8221; custom_css_main_element=&#8221;margin: auto;&#8221; global_colors_info=&#8221;{}&#8221;][et_pb_text _builder_version=&#8221;4.27.0&#8243; _module_preset=&#8221;default&#8221; header_3_font=&#8221;Eiko Light||||||||&#8221; header_3_font_size=&#8221;42px&#8221; header_3_line_height=&#8221;45px&#8221; global_colors_info=&#8221;{}&#8221;]<\/p>\n<h3>Advisory Board<\/h3>\n<p>[\/et_pb_text][et_pb_text _builder_version=&#8221;4.27.0&#8243; _module_preset=&#8221;default&#8221; text_font=&#8221;Switzer Extralight|200|||||||&#8221; text_text_color=&#8221;#2C2C2C&#8221; text_font_size=&#8221;22px&#8221; text_line_height=&#8221;30px&#8221; locked=&#8221;off&#8221; global_colors_info=&#8221;{}&#8221;]<\/p>\n<p>Innovation, leadership, and commitment define our Advisory Board, whose diverse expertise guides our journey towards excellence and corporate responsibility.<\/p>\n<p>[\/et_pb_text][\/et_pb_column][\/et_pb_row][et_pb_row column_structure=&#8221;1_4,1_4,1_4,1_4&#8243; _builder_version=&#8221;4.25.2&#8243; _module_preset=&#8221;default&#8221; custom_padding=&#8221;0px||45px||false|false&#8221; global_colors_info=&#8221;{}&#8221;][et_pb_column type=&#8221;1_4&#8243; _builder_version=&#8221;4.25.2&#8243; _module_preset=&#8221;default&#8221; global_colors_info=&#8221;{}&#8221;][et_pb_image src=&#8221;https:\/\/famarecapital.com\/eng\/wp-content\/uploads\/Adriana_web.png&#8221; title_text=&#8221;Adriana_web&#8221; _builder_version=&#8221;4.26.0&#8243; _module_preset=&#8221;default&#8221; global_colors_info=&#8221;{}&#8221;][\/et_pb_image][et_pb_text _builder_version=&#8221;4.25.2&#8243; _module_preset=&#8221;default&#8221; text_font=&#8221;Switzer Light||||||||&#8221; text_text_color=&#8221;#2C2C2C&#8221; text_font_size=&#8221;18px&#8221; header_3_font=&#8221;Eiko Light||||||||&#8221; header_3_text_color=&#8221;#056FEB&#8221; header_3_font_size=&#8221;24px&#8221; custom_margin=&#8221;||20px||false|false&#8221; global_colors_info=&#8221;{}&#8221;]<\/p>\n<h3>Adriana Alves<\/h3>\n<p>Social<\/p>\n<p>[\/et_pb_text][et_pb_text _builder_version=&#8221;4.27.0&#8243; _module_preset=&#8221;default&#8221; text_font=&#8221;Switzer Light||||||||&#8221; text_text_color=&#8221;#2C2C2C&#8221; text_font_size=&#8221;18px&#8221; header_3_font=&#8221;Eiko Light||||||||&#8221; header_3_text_color=&#8221;#056FEB&#8221; header_3_font_size=&#8221;24px&#8221; custom_margin=&#8221;||10px||false|false&#8221; custom_padding=&#8221;||15px||false|false&#8221; border_width_bottom=&#8221;1px&#8221; border_color_bottom=&#8221;#056FEB&#8221; global_colors_info=&#8221;{}&#8221;]<\/p>\n<p><span>Leading figure in diversity and inclusion issues<\/span><\/p>\n<p>[\/et_pb_text][et_pb_text _builder_version=&#8221;4.27.0&#8243; _module_preset=&#8221;default&#8221; text_font=&#8221;Switzer Light||||||||&#8221; text_text_color=&#8221;#2C2C2C&#8221; text_font_size=&#8221;18px&#8221; header_3_font=&#8221;Eiko Light||||||||&#8221; header_3_text_color=&#8221;#056FEB&#8221; header_3_font_size=&#8221;24px&#8221; custom_margin=&#8221;||10px||false|false&#8221; custom_padding=&#8221;||15px||false|false&#8221; border_width_bottom=&#8221;1px&#8221; border_color_bottom=&#8221;#056FEB&#8221; global_colors_info=&#8221;{}&#8221;]<\/p>\n<p><span>Strong involvement in the third sector on gender and race issues, with a solid career in the corporate world<\/span><\/p>\n<p>[\/et_pb_text][et_pb_social_media_follow _builder_version=&#8221;4.25.2&#8243; _module_preset=&#8221;default&#8221; background_color=&#8221;RGBA(255,255,255,0)&#8221; locked=&#8221;off&#8221; global_colors_info=&#8221;{}&#8221;][et_pb_social_media_follow_network social_network=&#8221;linkedin&#8221; url=&#8221;https:\/\/www.linkedin.com\/in\/adrianasantosalves\/&#8221; icon_color=&#8221;#056FEB&#8221; use_icon_font_size=&#8221;on&#8221; icon_font_size=&#8221;18px&#8221; _builder_version=&#8221;4.25.2&#8243; _module_preset=&#8221;default&#8221; background_color=&#8221;RGBA(255,255,255,0)&#8221; background_enable_color=&#8221;on&#8221; custom_margin=&#8221;0px||||false|false&#8221; custom_padding=&#8221;0px|0px|0px|0px|false|false&#8221; global_colors_info=&#8221;{}&#8221; follow_button=&#8221;off&#8221; url_new_window=&#8221;on&#8221;]linkedin[\/et_pb_social_media_follow_network][\/et_pb_social_media_follow][\/et_pb_column][et_pb_column type=&#8221;1_4&#8243; _builder_version=&#8221;4.25.2&#8243; _module_preset=&#8221;default&#8221; global_colors_info=&#8221;{}&#8221;][et_pb_image src=&#8221;https:\/\/famarecapital.com\/eng\/wp-content\/uploads\/Jair_web.png&#8221; title_text=&#8221;Jair_web&#8221; _builder_version=&#8221;4.26.0&#8243; _module_preset=&#8221;default&#8221; global_colors_info=&#8221;{}&#8221;][\/et_pb_image][et_pb_text _builder_version=&#8221;4.27.0&#8243; _module_preset=&#8221;default&#8221; text_font=&#8221;Switzer Light||||||||&#8221; text_text_color=&#8221;#2C2C2C&#8221; text_font_size=&#8221;18px&#8221; header_3_font=&#8221;Eiko Light||||||||&#8221; header_3_text_color=&#8221;#056FEB&#8221; header_3_font_size=&#8221;24px&#8221; custom_margin=&#8221;||25px||false|false&#8221; global_colors_info=&#8221;{}&#8221;]<\/p>\n<h3>Jair Ribeiro<\/h3>\n<p>Finance\/Governance<\/p>\n<p>[\/et_pb_text][et_pb_text _builder_version=&#8221;4.27.0&#8243; _module_preset=&#8221;default&#8221; text_font=&#8221;Switzer Light||||||||&#8221; text_text_color=&#8221;#2C2C2C&#8221; text_font_size=&#8221;18px&#8221; header_3_font=&#8221;Eiko Light||||||||&#8221; header_3_text_color=&#8221;#056FEB&#8221; header_3_font_size=&#8221;24px&#8221; custom_margin=&#8221;||10px||false|false&#8221; custom_padding=&#8221;||15px||false|false&#8221; border_width_bottom=&#8221;1px&#8221; border_color_bottom=&#8221;#056FEB&#8221; global_colors_info=&#8221;{}&#8221;]<\/p>\n<p><span>Former banker and founder of Parceiros da Educa\u00e7\u00e3o<\/span><\/p>\n<p>[\/et_pb_text][et_pb_text _builder_version=&#8221;4.27.0&#8243; _module_preset=&#8221;default&#8221; text_font=&#8221;Switzer Light||||||||&#8221; text_text_color=&#8221;#2C2C2C&#8221; text_font_size=&#8221;18px&#8221; header_3_font=&#8221;Eiko Light||||||||&#8221; header_3_text_color=&#8221;#056FEB&#8221; header_3_font_size=&#8221;24px&#8221; custom_margin=&#8221;||10px||false|false&#8221; custom_padding=&#8221;||15px||false|false&#8221; border_width_bottom=&#8221;1px&#8221; border_color_bottom=&#8221;#056FEB&#8221; global_colors_info=&#8221;{}&#8221;]<\/p>\n<p><span>Formerly banker at Chase Manhattan Brasil and JP Morgan NY<\/span><\/p>\n<p>[\/et_pb_text][et_pb_social_media_follow _builder_version=&#8221;4.25.2&#8243; _module_preset=&#8221;default&#8221; background_color=&#8221;RGBA(255,255,255,0)&#8221; locked=&#8221;off&#8221; global_colors_info=&#8221;{}&#8221;][et_pb_social_media_follow_network social_network=&#8221;linkedin&#8221; url=&#8221;https:\/\/www.linkedin.com\/in\/jair-ribeiro-a44166a9\/&#8221; icon_color=&#8221;#056FEB&#8221; use_icon_font_size=&#8221;on&#8221; icon_font_size=&#8221;18px&#8221; _builder_version=&#8221;4.25.2&#8243; _module_preset=&#8221;default&#8221; background_color=&#8221;RGBA(255,255,255,0)&#8221; background_enable_color=&#8221;on&#8221; custom_margin=&#8221;0px||||false|false&#8221; custom_padding=&#8221;0px|0px|0px|0px|false|false&#8221; global_colors_info=&#8221;{}&#8221; follow_button=&#8221;off&#8221; url_new_window=&#8221;on&#8221;]linkedin[\/et_pb_social_media_follow_network][\/et_pb_social_media_follow][\/et_pb_column][et_pb_column type=&#8221;1_4&#8243; _builder_version=&#8221;4.25.2&#8243; _module_preset=&#8221;default&#8221; global_colors_info=&#8221;{}&#8221;][et_pb_image src=&#8221;https:\/\/famarecapital.com\/eng\/wp-content\/uploads\/Natalie_web.png&#8221; title_text=&#8221;Natalie_web&#8221; _builder_version=&#8221;4.26.0&#8243; _module_preset=&#8221;default&#8221; global_colors_info=&#8221;{}&#8221;][\/et_pb_image][et_pb_text _builder_version=&#8221;4.27.0&#8243; _module_preset=&#8221;default&#8221; text_font=&#8221;Switzer Light||||||||&#8221; text_text_color=&#8221;#2C2C2C&#8221; text_font_size=&#8221;18px&#8221; header_3_font=&#8221;Eiko Light||||||||&#8221; header_3_text_color=&#8221;#056FEB&#8221; header_3_font_size=&#8221;24px&#8221; custom_margin=&#8221;||25px||false|false&#8221; global_colors_info=&#8221;{}&#8221;]<\/p>\n<h3>Natalie Unterstell<\/h3>\n<p>Environment<\/p>\n<p>[\/et_pb_text][et_pb_text _builder_version=&#8221;4.27.0&#8243; _module_preset=&#8221;default&#8221; text_font=&#8221;Switzer Light||||||||&#8221; text_text_color=&#8221;#2C2C2C&#8221; text_font_size=&#8221;18px&#8221; header_3_font=&#8221;Eiko Light||||||||&#8221; header_3_text_color=&#8221;#056FEB&#8221; header_3_font_size=&#8221;24px&#8221; custom_margin=&#8221;||10px||false|false&#8221; custom_padding=&#8221;||15px||false|false&#8221; border_width_bottom=&#8221;1px&#8221; border_color_bottom=&#8221;#056FEB&#8221; global_colors_info=&#8221;{}&#8221;]<\/p>\n<p><span>President of Instituto Talanoa<\/span><\/p>\n<p>[\/et_pb_text][et_pb_text _builder_version=&#8221;4.27.0&#8243; _module_preset=&#8221;default&#8221; text_font=&#8221;Switzer Light||||||||&#8221; text_text_color=&#8221;#2C2C2C&#8221; text_font_size=&#8221;18px&#8221; header_3_font=&#8221;Eiko Light||||||||&#8221; header_3_text_color=&#8221;#056FEB&#8221; header_3_font_size=&#8221;24px&#8221; custom_margin=&#8221;||10px||false|false&#8221; custom_padding=&#8221;||15px||false|false&#8221; border_width_bottom=&#8221;1px&#8221; border_color_bottom=&#8221;#056FEB&#8221; global_colors_info=&#8221;{}&#8221;]<\/p>\n<p><span>Supported the development of public policies, including some of the most ambitious climate change policies in Brazil<\/span><\/p>\n<p>[\/et_pb_text][et_pb_social_media_follow _builder_version=&#8221;4.25.2&#8243; _module_preset=&#8221;default&#8221; background_color=&#8221;RGBA(255,255,255,0)&#8221; locked=&#8221;off&#8221; global_colors_info=&#8221;{}&#8221;][et_pb_social_media_follow_network social_network=&#8221;linkedin&#8221; url=&#8221;https:\/\/www.linkedin.com\/in\/unterstellnatalie\/&#8221; icon_color=&#8221;#056FEB&#8221; use_icon_font_size=&#8221;on&#8221; icon_font_size=&#8221;18px&#8221; _builder_version=&#8221;4.25.2&#8243; _module_preset=&#8221;default&#8221; background_color=&#8221;RGBA(255,255,255,0)&#8221; background_enable_color=&#8221;on&#8221; custom_margin=&#8221;0px||||false|false&#8221; custom_padding=&#8221;0px|0px|0px|0px|false|false&#8221; global_colors_info=&#8221;{}&#8221; follow_button=&#8221;off&#8221; url_new_window=&#8221;on&#8221;]linkedin[\/et_pb_social_media_follow_network][\/et_pb_social_media_follow][\/et_pb_column][et_pb_column type=&#8221;1_4&#8243; _builder_version=&#8221;4.25.2&#8243; _module_preset=&#8221;default&#8221; global_colors_info=&#8221;{}&#8221;][et_pb_image src=&#8221;https:\/\/famarecapital.com\/eng\/wp-content\/uploads\/Renato_web.png&#8221; title_text=&#8221;Renato_web&#8221; _builder_version=&#8221;4.26.0&#8243; _module_preset=&#8221;default&#8221; global_colors_info=&#8221;{}&#8221;][\/et_pb_image][et_pb_text _builder_version=&#8221;4.27.0&#8243; _module_preset=&#8221;default&#8221; text_font=&#8221;Switzer Light||||||||&#8221; text_text_color=&#8221;#2C2C2C&#8221; text_font_size=&#8221;18px&#8221; header_3_font=&#8221;Eiko Light||||||||&#8221; header_3_text_color=&#8221;#056FEB&#8221; header_3_font_size=&#8221;24px&#8221; custom_margin=&#8221;||25px||false|false&#8221; global_colors_info=&#8221;{}&#8221;]<\/p>\n<h3>Renato Meirelles<\/h3>\n<p>Communication<\/p>\n<p>[\/et_pb_text][et_pb_text _builder_version=&#8221;4.27.0&#8243; _module_preset=&#8221;default&#8221; text_font=&#8221;Switzer Light||||||||&#8221; text_text_color=&#8221;#2C2C2C&#8221; text_font_size=&#8221;18px&#8221; header_3_font=&#8221;Eiko Light||||||||&#8221; header_3_text_color=&#8221;#056FEB&#8221; header_3_font_size=&#8221;24px&#8221; custom_margin=&#8221;||10px||false|false&#8221; custom_padding=&#8221;||15px||false|false&#8221; border_width_bottom=&#8221;1px&#8221; border_color_bottom=&#8221;#056FEB&#8221; global_colors_info=&#8221;{}&#8221;]<\/p>\n<p><span>Founder and president of Data Favela and Instituto Locomotiva<\/span><\/p>\n<p>[\/et_pb_text][et_pb_text _builder_version=&#8221;4.27.0&#8243; _module_preset=&#8221;default&#8221; text_font=&#8221;Switzer Light||||||||&#8221; text_text_color=&#8221;#2C2C2C&#8221; text_font_size=&#8221;18px&#8221; header_3_font=&#8221;Eiko Light||||||||&#8221; header_3_text_color=&#8221;#056FEB&#8221; header_3_font_size=&#8221;24px&#8221; custom_margin=&#8221;||10px||false|false&#8221; custom_padding=&#8221;||15px||false|false&#8221; border_width_bottom=&#8221;1px&#8221; border_color_bottom=&#8221;#056FEB&#8221; global_colors_info=&#8221;{}&#8221;]<\/p>\n<p><span>One of the country&#8217;s leading experts in consumer dynamics and public opinion<\/span><\/p>\n<p>[\/et_pb_text][et_pb_social_media_follow _builder_version=&#8221;4.25.2&#8243; _module_preset=&#8221;default&#8221; background_color=&#8221;RGBA(255,255,255,0)&#8221; locked=&#8221;off&#8221; global_colors_info=&#8221;{}&#8221;][et_pb_social_media_follow_network social_network=&#8221;linkedin&#8221; url=&#8221;https:\/\/www.linkedin.com\/in\/renatomeirelles\/&#8221; icon_color=&#8221;#056FEB&#8221; use_icon_font_size=&#8221;on&#8221; icon_font_size=&#8221;18px&#8221; _builder_version=&#8221;4.25.2&#8243; _module_preset=&#8221;default&#8221; background_color=&#8221;RGBA(255,255,255,0)&#8221; background_enable_color=&#8221;on&#8221; custom_margin=&#8221;0px||||false|false&#8221; custom_padding=&#8221;0px|0px|0px|0px|false|false&#8221; global_colors_info=&#8221;{}&#8221; follow_button=&#8221;off&#8221; url_new_window=&#8221;on&#8221;]linkedin[\/et_pb_social_media_follow_network][\/et_pb_social_media_follow][\/et_pb_column][\/et_pb_row][\/et_pb_section][et_pb_section fb_built=&#8221;1&#8243; _builder_version=&#8221;4.22.1&#8243; _module_preset=&#8221;default&#8221; background_color=&#8221;#2c2c2c&#8221; border_width_top=&#8221;1px&#8221; border_color_top=&#8221;#FFFFFF&#8221; global_module=&#8221;358&#8243; saved_tabs=&#8221;all&#8221; locked=&#8221;off&#8221; global_colors_info=&#8221;{}&#8221;][et_pb_row column_structure=&#8221;1_4,1_4,1_4,1_4&#8243; _builder_version=&#8221;4.26.0&#8243; _module_preset=&#8221;default&#8221; width_tablet=&#8221;80%&#8221; width_phone=&#8221;70%&#8221; width_last_edited=&#8221;on|tablet&#8221; module_alignment=&#8221;center&#8221; global_colors_info=&#8221;{}&#8221;][et_pb_column type=&#8221;1_4&#8243; _builder_version=&#8221;4.22.1&#8243; _module_preset=&#8221;default&#8221; global_colors_info=&#8221;{}&#8221;][et_pb_image src=&#8221;https:\/\/famarecapital.com\/eng\/wp-content\/uploads\/2023\/09\/simbolo_fama.svg&#8221; title_text=&#8221;si\u0301mbolo_fama&#8221; _builder_version=&#8221;4.26.0&#8243; _module_preset=&#8221;default&#8221; width=&#8221;30%&#8221; width_tablet=&#8221;50%&#8221; width_phone=&#8221;45%&#8221; width_last_edited=&#8221;on|tablet&#8221; module_alignment=&#8221;left&#8221; module_alignment_tablet=&#8221;left&#8221; module_alignment_phone=&#8221;left&#8221; module_alignment_last_edited=&#8221;on|tablet&#8221; global_colors_info=&#8221;{}&#8221;][\/et_pb_image][\/et_pb_column][et_pb_column type=&#8221;1_4&#8243; _builder_version=&#8221;4.22.1&#8243; _module_preset=&#8221;default&#8221; global_colors_info=&#8221;{}&#8221;][et_pb_text _builder_version=&#8221;4.27.0&#8243; _module_preset=&#8221;default&#8221; text_font=&#8221;Eiko Light||||||||&#8221; text_text_color=&#8221;#FFFFFF&#8221; text_line_height=&#8221;22px&#8221; header_3_font=&#8221;Eiko Medium||||||||&#8221; header_3_text_color=&#8221;#FFFFFF&#8221; header_3_font_size=&#8221;20px&#8221; custom_margin=&#8221;0px||0px||false|false&#8221; custom_padding=&#8221;||10px||false|false&#8221; global_colors_info=&#8221;{}&#8221;]<\/p>\n<h3>Location<\/h3>\n<p>[\/et_pb_text][et_pb_text content_last_edited=&#8221;off|desktop&#8221; _builder_version=&#8221;4.24.2&#8243; _module_preset=&#8221;default&#8221; text_font=&#8221;Eiko Light||||||||&#8221; text_text_color=&#8221;#FFFFFF&#8221; text_line_height=&#8221;22px&#8221; custom_margin=&#8221;0px||0px||false|false&#8221; custom_padding=&#8221;||0px||false|false&#8221; global_colors_info=&#8221;{}&#8221; text_text_color__hover_enabled=&#8221;on|desktop&#8221; text_text_color__hover=&#8221;#FFFFFF&#8221;]<\/p>\n<p>Rua Olimp\u00edadas 134, conj. 42<br \/>Vila Ol\u00edmpia, S\u00e3o Paulo-SP<br \/>04551-000<\/p>\n<p>[\/et_pb_text][\/et_pb_column][et_pb_column type=&#8221;1_4&#8243; _builder_version=&#8221;4.22.1&#8243; _module_preset=&#8221;default&#8221; global_colors_info=&#8221;{}&#8221;][et_pb_text _builder_version=&#8221;4.27.0&#8243; _module_preset=&#8221;default&#8221; text_font=&#8221;Eiko Light||||||||&#8221; text_text_color=&#8221;#FFFFFF&#8221; text_line_height=&#8221;22px&#8221; header_3_font=&#8221;Eiko Medium||||||||&#8221; header_3_text_color=&#8221;#FFFFFF&#8221; header_3_font_size=&#8221;20px&#8221; custom_margin=&#8221;0px||0px||false|false&#8221; custom_padding=&#8221;||10px||false|false&#8221; global_colors_info=&#8221;{}&#8221;]<\/p>\n<h3>Reach Us<\/h3>\n<p>[\/et_pb_text][et_pb_text _builder_version=&#8221;4.24.2&#8243; _module_preset=&#8221;default&#8221; text_font=&#8221;Eiko Light||||||||&#8221; text_text_color=&#8221;#FFFFFF&#8221; text_line_height=&#8221;22px&#8221; custom_margin=&#8221;0px||0px||false|false&#8221; custom_padding=&#8221;||0px||false|false&#8221; global_colors_info=&#8221;{}&#8221; text_text_color__hover_enabled=&#8221;on|desktop&#8221; text_text_color__hover=&#8221;#FFFFFF&#8221;]<\/p>\n<p><a href=\"mailto:contato@famarecapital.com\">contato@famarecapital.com<\/a><br \/>+55 11 5508 1188<\/p>\n<p>[\/et_pb_text][et_pb_social_media_follow _builder_version=&#8221;4.27.0&#8243; _module_preset=&#8221;default&#8221; custom_margin=&#8221;15px||||false|false&#8221; global_colors_info=&#8221;{}&#8221;][et_pb_social_media_follow_network social_network=&#8221;linkedin&#8221; url=&#8221;https:\/\/www.linkedin.com\/company\/fama-recapital\/&#8221; icon_color=&#8221;#FFFFFF&#8221; _builder_version=&#8221;4.27.0&#8243; _module_preset=&#8221;default&#8221; background_color=&#8221;RGBA(255,255,255,0)&#8221; background_enable_color=&#8221;on&#8221; custom_margin=&#8221;0px|0px|0px|0px|false|false&#8221; custom_padding=&#8221;0px|0px|0px|0px|false|false&#8221; global_colors_info=&#8221;{}&#8221; follow_button=&#8221;off&#8221; url_new_window=&#8221;on&#8221;]linkedin[\/et_pb_social_media_follow_network][et_pb_social_media_follow_network social_network=&#8221;instagram&#8221; url=&#8221;https:\/\/www.instagram.com\/famarecapital\/&#8221; _builder_version=&#8221;4.24.2&#8243; _module_preset=&#8221;default&#8221; background_color=&#8221;RGBA(255,255,255,0)&#8221; background_enable_color=&#8221;on&#8221; global_colors_info=&#8221;{}&#8221; follow_button=&#8221;off&#8221; url_new_window=&#8221;on&#8221;]instagram[\/et_pb_social_media_follow_network][\/et_pb_social_media_follow][\/et_pb_column][et_pb_column type=&#8221;1_4&#8243; _builder_version=&#8221;4.22.1&#8243; _module_preset=&#8221;default&#8221; global_colors_info=&#8221;{}&#8221;][et_pb_image src=&#8221;https:\/\/famarecapital.com\/eng\/wp-content\/uploads\/B-Corp-Logo-Tagline-Lockup-Systems-Change-White-RGB.png&#8221; title_text=&#8221;B-Corp-Logo-Tagline-Lockup-Systems-Change-White-RGB&#8221; _builder_version=&#8221;4.27.0&#8243; _module_preset=&#8221;default&#8221; global_colors_info=&#8221;{}&#8221;][\/et_pb_image][\/et_pb_column][\/et_pb_row][et_pb_row column_structure=&#8221;1_4,3_4&#8243; make_equal=&#8221;on&#8221; _builder_version=&#8221;4.25.2&#8243; _module_preset=&#8221;default&#8221; custom_margin=&#8221;||0px||false|false&#8221; custom_padding=&#8221;||0px||false|false&#8221; border_width_top=&#8221;1px&#8221; border_color_top=&#8221;#FFFFFF&#8221; global_colors_info=&#8221;{}&#8221;][et_pb_column type=&#8221;1_4&#8243; _builder_version=&#8221;4.25.2&#8243; _module_preset=&#8221;default&#8221; custom_css_main_element=&#8221;margin: auto;&#8221; global_colors_info=&#8221;{}&#8221;][et_pb_image src=&#8221;https:\/\/famarecapital.com\/eng\/wp-content\/uploads\/anbima_logotipos-1.svg&#8221; title_text=&#8221;anbima_logotipos&#8221; _builder_version=&#8221;4.27.0&#8243; _module_preset=&#8221;default&#8221; width=&#8221;55%&#8221; width_tablet=&#8221;35%&#8221; width_phone=&#8221;&#8221; width_last_edited=&#8221;on|tablet&#8221; module_alignment=&#8221;center&#8221; module_alignment_tablet=&#8221;left&#8221; module_alignment_phone=&#8221;center&#8221; module_alignment_last_edited=&#8221;on|desktop&#8221; global_colors_info=&#8221;{}&#8221;][\/et_pb_image][\/et_pb_column][et_pb_column type=&#8221;3_4&#8243; _builder_version=&#8221;4.25.2&#8243; _module_preset=&#8221;default&#8221; custom_css_main_element=&#8221;margin: auto;&#8221; global_colors_info=&#8221;{}&#8221;][et_pb_text _builder_version=&#8221;4.27.0&#8243; _module_preset=&#8221;default&#8221; text_font=&#8221;Switzer Light||||||||&#8221; text_text_color=&#8221;#FFFFFF&#8221; text_font_size=&#8221;12px&#8221; text_line_height=&#8221;18px&#8221; custom_padding_tablet=&#8221;35px||||false|false&#8221; custom_padding_phone=&#8221;20px||||false|false&#8221; custom_padding_last_edited=&#8221;on|phone&#8221; global_colors_info=&#8221;{}&#8221;]<\/p>\n<div style=\"text-align: justify;\">The information provided on the website is for informational purposes only. It is essential to read the fund&#8217;s prospectus before making any investment decisions. Past performance is not indicative of future results. The disclosed returns are not net of taxes. No fund is guaranteed by the administrator, the manager, or the Credit Guarantee Fund &#8211; FGC. To obtain the Prospectus, Performance History, or additional information, please contact fama re.capital or the Fund Administrator. When evaluating the performance of investment funds, it is recommended to analyze a period of at least 12 months.<\/div>\n<p>[\/et_pb_text][\/et_pb_column][\/et_pb_row][\/et_pb_section]<\/p>\n","protected":false},"excerpt":{"rendered":"<p>Founded in 1993, fama re.capital is an independent asset manager committed to an inclusive, equitable and regenerative economy that generates value for all parties.Founded in 1993, fama re.capital is an independent asset management firm and a certified B Corporation, dedicated to redefining the role of investments in building a sustainable future. Our pioneering approach seeks [&hellip;]<\/p>\n","protected":false},"author":1,"featured_media":0,"parent":0,"menu_order":0,"comment_status":"closed","ping_status":"closed","template":"","meta":{"_et_pb_use_builder":"on","_et_pb_old_content":"","_et_gb_content_width":"","inline_featured_image":false,"footnotes":""},"class_list":["post-197","page","type-page","status-publish","hentry"],"yoast_head":"<!-- This site is optimized with the Yoast SEO plugin v23.4 - https:\/\/yoast.com\/wordpress\/plugins\/seo\/ -->\n<title>About | fama re.capital<\/title>\n<meta name=\"robots\" content=\"index, follow, max-snippet:-1, max-image-preview:large, max-video-preview:-1\" \/>\n<link rel=\"canonical\" href=\"https:\/\/famarecapital.com\/eng\/about\/\" \/>\n<meta property=\"og:locale\" content=\"en_US\" \/>\n<meta property=\"og:type\" content=\"article\" \/>\n<meta property=\"og:title\" content=\"About | fama re.capital\" \/>\n<meta property=\"og:description\" content=\"Founded in 1993, fama re.capital is an independent asset manager committed to an inclusive, equitable and regenerative economy that generates value for all parties.Founded in 1993, fama re.capital is an independent asset management firm and a certified B Corporation, dedicated to redefining the role of investments in building a sustainable future. Our pioneering approach seeks [&hellip;]\" \/>\n<meta property=\"og:url\" content=\"https:\/\/famarecapital.com\/eng\/about\/\" \/>\n<meta property=\"og:site_name\" content=\"fama re.capital\" \/>\n<meta property=\"article:modified_time\" content=\"2024-09-19T20:55:12+00:00\" \/>\n<meta property=\"og:image\" content=\"https:\/\/famarecapital.com\/eng\/wp-content\/uploads\/fama_recapital.png\" \/>\n\t<meta property=\"og:image:width\" content=\"1200\" \/>\n\t<meta property=\"og:image:height\" content=\"675\" \/>\n\t<meta property=\"og:image:type\" content=\"image\/png\" \/>\n<meta name=\"twitter:card\" content=\"summary_large_image\" \/>\n<meta name=\"twitter:label1\" content=\"Est. reading time\" \/>\n\t<meta name=\"twitter:data1\" content=\"67 minutes\" \/>\n<script type=\"application\/ld+json\" class=\"yoast-schema-graph\">{\"@context\":\"https:\/\/schema.org\",\"@graph\":[{\"@type\":\"WebPage\",\"@id\":\"https:\/\/famarecapital.com\/eng\/about\/\",\"url\":\"https:\/\/famarecapital.com\/eng\/about\/\",\"name\":\"About | fama re.capital\",\"isPartOf\":{\"@id\":\"https:\/\/famarecapital.com\/eng\/#website\"},\"datePublished\":\"2024-09-16T14:04:05+00:00\",\"dateModified\":\"2024-09-19T20:55:12+00:00\",\"breadcrumb\":{\"@id\":\"https:\/\/famarecapital.com\/eng\/about\/#breadcrumb\"},\"inLanguage\":\"en-US\",\"potentialAction\":[{\"@type\":\"ReadAction\",\"target\":[\"https:\/\/famarecapital.com\/eng\/about\/\"]}]},{\"@type\":\"BreadcrumbList\",\"@id\":\"https:\/\/famarecapital.com\/eng\/about\/#breadcrumb\",\"itemListElement\":[{\"@type\":\"ListItem\",\"position\":1,\"name\":\"Home\",\"item\":\"https:\/\/famarecapital.com\/eng\/\"},{\"@type\":\"ListItem\",\"position\":2,\"name\":\"About\"}]},{\"@type\":\"WebSite\",\"@id\":\"https:\/\/famarecapital.com\/eng\/#website\",\"url\":\"https:\/\/famarecapital.com\/eng\/\",\"name\":\"fama re.capital\",\"description\":\"investing for change\",\"publisher\":{\"@id\":\"https:\/\/famarecapital.com\/eng\/#organization\"},\"alternateName\":\"fama re.capital\",\"potentialAction\":[{\"@type\":\"SearchAction\",\"target\":{\"@type\":\"EntryPoint\",\"urlTemplate\":\"https:\/\/famarecapital.com\/eng\/?s={search_term_string}\"},\"query-input\":{\"@type\":\"PropertyValueSpecification\",\"valueRequired\":true,\"valueName\":\"search_term_string\"}}],\"inLanguage\":\"en-US\"},{\"@type\":\"Organization\",\"@id\":\"https:\/\/famarecapital.com\/eng\/#organization\",\"name\":\"fama re.capital\",\"alternateName\":\"fama re.capital\",\"url\":\"https:\/\/famarecapital.com\/eng\/\",\"logo\":{\"@type\":\"ImageObject\",\"inLanguage\":\"en-US\",\"@id\":\"https:\/\/famarecapital.com\/eng\/#\/schema\/logo\/image\/\",\"url\":\"https:\/\/famarecapital.com\/eng\/wp-content\/uploads\/231006_famarecapital_1080x1080-01.png\",\"contentUrl\":\"https:\/\/famarecapital.com\/eng\/wp-content\/uploads\/231006_famarecapital_1080x1080-01.png\",\"width\":1080,\"height\":1080,\"caption\":\"fama re.capital\"},\"image\":{\"@id\":\"https:\/\/famarecapital.com\/eng\/#\/schema\/logo\/image\/\"},\"sameAs\":[\"https:\/\/www.linkedin.com\/company\/fama-recapital\/\"]}]}<\/script>\n<!-- \/ Yoast SEO plugin. -->","yoast_head_json":{"title":"About | fama re.capital","robots":{"index":"index","follow":"follow","max-snippet":"max-snippet:-1","max-image-preview":"max-image-preview:large","max-video-preview":"max-video-preview:-1"},"canonical":"https:\/\/famarecapital.com\/eng\/about\/","og_locale":"en_US","og_type":"article","og_title":"About | fama re.capital","og_description":"Founded in 1993, fama re.capital is an independent asset manager committed to an inclusive, equitable and regenerative economy that generates value for all parties.Founded in 1993, fama re.capital is an independent asset management firm and a certified B Corporation, dedicated to redefining the role of investments in building a sustainable future. Our pioneering approach seeks [&hellip;]","og_url":"https:\/\/famarecapital.com\/eng\/about\/","og_site_name":"fama re.capital","article_modified_time":"2024-09-19T20:55:12+00:00","og_image":[{"width":1200,"height":675,"url":"https:\/\/famarecapital.com\/eng\/wp-content\/uploads\/fama_recapital.png","type":"image\/png"}],"twitter_card":"summary_large_image","twitter_misc":{"Est. reading time":"67 minutes"},"schema":{"@context":"https:\/\/schema.org","@graph":[{"@type":"WebPage","@id":"https:\/\/famarecapital.com\/eng\/about\/","url":"https:\/\/famarecapital.com\/eng\/about\/","name":"About | fama re.capital","isPartOf":{"@id":"https:\/\/famarecapital.com\/eng\/#website"},"datePublished":"2024-09-16T14:04:05+00:00","dateModified":"2024-09-19T20:55:12+00:00","breadcrumb":{"@id":"https:\/\/famarecapital.com\/eng\/about\/#breadcrumb"},"inLanguage":"en-US","potentialAction":[{"@type":"ReadAction","target":["https:\/\/famarecapital.com\/eng\/about\/"]}]},{"@type":"BreadcrumbList","@id":"https:\/\/famarecapital.com\/eng\/about\/#breadcrumb","itemListElement":[{"@type":"ListItem","position":1,"name":"Home","item":"https:\/\/famarecapital.com\/eng\/"},{"@type":"ListItem","position":2,"name":"About"}]},{"@type":"WebSite","@id":"https:\/\/famarecapital.com\/eng\/#website","url":"https:\/\/famarecapital.com\/eng\/","name":"fama re.capital","description":"investing for change","publisher":{"@id":"https:\/\/famarecapital.com\/eng\/#organization"},"alternateName":"fama re.capital","potentialAction":[{"@type":"SearchAction","target":{"@type":"EntryPoint","urlTemplate":"https:\/\/famarecapital.com\/eng\/?s={search_term_string}"},"query-input":{"@type":"PropertyValueSpecification","valueRequired":true,"valueName":"search_term_string"}}],"inLanguage":"en-US"},{"@type":"Organization","@id":"https:\/\/famarecapital.com\/eng\/#organization","name":"fama re.capital","alternateName":"fama re.capital","url":"https:\/\/famarecapital.com\/eng\/","logo":{"@type":"ImageObject","inLanguage":"en-US","@id":"https:\/\/famarecapital.com\/eng\/#\/schema\/logo\/image\/","url":"https:\/\/famarecapital.com\/eng\/wp-content\/uploads\/231006_famarecapital_1080x1080-01.png","contentUrl":"https:\/\/famarecapital.com\/eng\/wp-content\/uploads\/231006_famarecapital_1080x1080-01.png","width":1080,"height":1080,"caption":"fama re.capital"},"image":{"@id":"https:\/\/famarecapital.com\/eng\/#\/schema\/logo\/image\/"},"sameAs":["https:\/\/www.linkedin.com\/company\/fama-recapital\/"]}]}},"_links":{"self":[{"href":"https:\/\/famarecapital.com\/eng\/wp-json\/wp\/v2\/pages\/197"}],"collection":[{"href":"https:\/\/famarecapital.com\/eng\/wp-json\/wp\/v2\/pages"}],"about":[{"href":"https:\/\/famarecapital.com\/eng\/wp-json\/wp\/v2\/types\/page"}],"author":[{"embeddable":true,"href":"https:\/\/famarecapital.com\/eng\/wp-json\/wp\/v2\/users\/1"}],"replies":[{"embeddable":true,"href":"https:\/\/famarecapital.com\/eng\/wp-json\/wp\/v2\/comments?post=197"}],"version-history":[{"count":20,"href":"https:\/\/famarecapital.com\/eng\/wp-json\/wp\/v2\/pages\/197\/revisions"}],"predecessor-version":[{"id":503,"href":"https:\/\/famarecapital.com\/eng\/wp-json\/wp\/v2\/pages\/197\/revisions\/503"}],"wp:attachment":[{"href":"https:\/\/famarecapital.com\/eng\/wp-json\/wp\/v2\/media?parent=197"}],"curies":[{"name":"wp","href":"https:\/\/api.w.org\/{rel}","templated":true}]}}